{"id":14161,"date":"2025-04-10T18:38:53","date_gmt":"2025-04-10T16:38:53","guid":{"rendered":"https:\/\/carigest.ch\/?post_type=portfolio-item&#038;p=14161"},"modified":"2025-12-15T16:17:11","modified_gmt":"2025-12-15T15:17:11","slug":"festival-visions-du-reel","status":"publish","type":"portfolio-item","link":"https:\/\/carigest.ch\/en\/portfolio-item\/festival-visions-du-reel\/","title":{"rendered":"Festival Visions du R\u00e9el"},"content":{"rendered":"\t\t<div data-elementor-type=\"wp-post\" data-elementor-id=\"14161\" class=\"elementor elementor-14161 elementor-14151\" data-elementor-post-type=\"portfolio-item\">\n\t\t\t\t\t\t<section class=\"elementor-section elementor-top-section elementor-element elementor-element-31e82099 qodef-elementor-content-grid elementor-section-boxed elementor-section-height-default elementor-section-height-default\" data-id=\"31e82099\" data-element_type=\"section\" data-settings=\"{&quot;background_background&quot;:&quot;classic&quot;}\">\n\t\t\t\t\t\t<div class=\"elementor-container elementor-column-gap-default\">\n\t\t\t\t\t<div class=\"elementor-column elementor-col-100 elementor-top-column elementor-element elementor-element-9c2ab68 qodef-sticky-column--no\" data-id=\"9c2ab68\" data-element_type=\"column\">\n\t\t\t<div class=\"elementor-widget-wrap elementor-element-populated\">\n\t\t\t\t\t\t<div class=\"elementor-element elementor-element-7f780a1 elementor-widget elementor-widget-spacer\" data-id=\"7f780a1\" data-element_type=\"widget\" data-widget_type=\"spacer.default\">\n\t\t\t\t<div class=\"elementor-widget-container\">\n\t\t\t\t\t\t\t<div class=\"elementor-spacer\">\n\t\t\t<div class=\"elementor-spacer-inner\"><\/div>\n\t\t<\/div>\n\t\t\t\t\t\t<\/div>\n\t\t\t\t<\/div>\n\t\t\t\t\t<\/div>\n\t\t<\/div>\n\t\t\t\t\t<\/div>\n\t\t<\/section>\n\t\t\t\t<section class=\"elementor-section elementor-top-section elementor-element elementor-element-457eec37 elementor-section-boxed elementor-section-height-default elementor-section-height-default qodef-elementor-content-no\" data-id=\"457eec37\" data-element_type=\"section\">\n\t\t\t\t\t\t<div class=\"elementor-container elementor-column-gap-default\">\n\t\t\t\t\t<div class=\"elementor-column elementor-col-33 elementor-top-column elementor-element elementor-element-4211ca16 qodef-sticky-column--no\" data-id=\"4211ca16\" data-element_type=\"column\">\n\t\t\t<div class=\"elementor-widget-wrap elementor-element-populated\">\n\t\t\t\t\t\t<div class=\"elementor-element elementor-element-12e674c6 elementor-widget__width-initial elementor-widget elementor-widget-qi_addons_for_elementor_section_title\" data-id=\"12e674c6\" data-element_type=\"widget\" data-widget_type=\"qi_addons_for_elementor_section_title.default\">\n\t\t\t\t<div class=\"elementor-widget-container\">\n\t\t\t\t\t<div class=\"qodef-shortcode qodef-m qodef-qi-section-title qodef-decoration--italic qodef-link--underline-draw qodef-subtitle-icon--left\">\n\t\t\t\t\t\t<h1 class=\"qodef-m-title\">\n\t\t Festival Visions du R\u00e9el\t<\/h1>\n\t\t\t<div class=\"qodef-m-text\"><p>Soutien financier au renforcement de l'accessibilit\u00e9 du Festival<\/p><\/div>\n\t<\/div>\n\t\t\t\t<\/div>\n\t\t\t\t<\/div>\n\t\t\t\t<div class=\"elementor-element elementor-element-6eeba99a elementor-widget elementor-widget-qi_addons_for_elementor_section_title\" data-id=\"6eeba99a\" data-element_type=\"widget\" data-widget_type=\"qi_addons_for_elementor_section_title.default\">\n\t\t\t\t<div class=\"elementor-widget-container\">\n\t\t\t\t\t<div class=\"qodef-shortcode qodef-m qodef-qi-section-title qodef-decoration--italic qodef-link--underline-draw qodef-subtitle-icon--left\">\n\t\t\t\t\t\t\t\t<\/div>\n\t\t\t\t<\/div>\n\t\t\t\t<\/div>\n\t\t\t\t<div class=\"elementor-element elementor-element-714d4e19 elementor-widget__width-initial elementor-widget elementor-widget-qi_addons_for_elementor_section_title\" data-id=\"714d4e19\" data-element_type=\"widget\" data-widget_type=\"qi_addons_for_elementor_section_title.default\">\n\t\t\t\t<div class=\"elementor-widget-container\">\n\t\t\t\t\t<div class=\"qodef-shortcode qodef-m qodef-qi-section-title qodef-decoration--italic qodef-text-link--underline qodef-link--underline-draw qodef-subtitle-icon--left\">\n\t\t\t\t\t\t\t\t<div class=\"qodef-m-text\"><h2 class=\"qodef-m-title\">Description<\/h2><p>En 2023-2024, le Festival Visions du R\u00e9el a <strong>renforc\u00e9 son accessibilit\u00e9<\/strong> sous le label \u201cCulture inclusive\u201d. Un groupe de travail compos\u00e9 de personnes vivant avec un handicap auditif a formul\u00e9 des recommandations, permettant notamment la traduction en langue des signes d\u2019une masterclass de Jean-St\u00e9phane Bron, accessible en ligne. <\/p><p>Des films ont \u00e9t\u00e9 sous-titr\u00e9s pour les personnes sourdes et malentendantes, avec des indications sonores et un code couleur pour une meilleure compr\u00e9hension.<\/p><p>Pour les personnes aveugles et malvoyantes, certains films ont b\u00e9n\u00e9fici\u00e9 d\u2019une audiodescription. Les sous-titres d\u2019un film ont aussi \u00e9t\u00e9 lus en direct via oreillettes pour des membres du Groupe des Jeunes Vaudois de la F\u00e9d\u00e9ration suisse des aveugles et malvoyants. <\/p><p>Une de nos fondations active dans le handicap a permis la mise en place de ces<strong> outils d'accessibilit\u00e9.<\/strong><\/p><p> <\/p><p><a href=\"https:\/\/www.visionsdureel.ch\/\">Site internet: <span style=\"text-decoration: underline\">Visions du R\u00e9el <\/span><\/a><span style=\"text-decoration: underline\"><a href=\"https:\/\/www.visionsdureel.ch\/info\/a-propos\/accessibilite-et-inclusion\/\">Accessibilit\u00e9 et inclusion \u2013 Visions du R\u00e9el<\/a><\/span><\/p><p>Photo: \u00a9 Visions du R\u00e9el \/ Nikita Th\u00e9voz <\/p><\/div>\n\t<\/div>\n\t\t\t\t<\/div>\n\t\t\t\t<\/div>\n\t\t\t\t<div class=\"elementor-element elementor-element-6bd71adb elementor-widget elementor-widget-qi_addons_for_elementor_image_gallery\" data-id=\"6bd71adb\" data-element_type=\"widget\" data-widget_type=\"qi_addons_for_elementor_image_gallery.default\">\n\t\t\t\t<div class=\"elementor-widget-container\">\n\t\t\t\t\t<div class=\"qodef-shortcode qodef-m qodef-qi-image-gallery qodef-qi-grid qodef-layout--qi-columns qodef-col-num--4 qodef-responsive--predefined\">\n\t<div class=\"qodef-grid-inner\">\n\t\t\t<\/div>\n<\/div>\n\t\t\t\t<\/div>\n\t\t\t\t<\/div>\n\t\t\t\t<div class=\"elementor-element elementor-element-551fa542 elementor-widget elementor-widget-qi_addons_for_elementor_section_title\" data-id=\"551fa542\" data-element_type=\"widget\" data-widget_type=\"qi_addons_for_elementor_section_title.default\">\n\t\t\t\t<div class=\"elementor-widget-container\">\n\t\t\t\t\t<div class=\"qodef-shortcode qodef-m qodef-qi-section-title qodef-decoration--italic qodef-link--underline-draw qodef-subtitle-icon--left\">\n\t\t\t\t\t\t\t\t<\/div>\n\t\t\t\t<\/div>\n\t\t\t\t<\/div>\n\t\t\t\t\t<\/div>\n\t\t<\/div>\n\t\t\t\t<div class=\"elementor-column elementor-col-33 elementor-top-column elementor-element elementor-element-72521889 qodef-sticky-column--no\" data-id=\"72521889\" data-element_type=\"column\">\n\t\t\t<div class=\"elementor-widget-wrap elementor-element-populated\">\n\t\t\t\t\t\t<div class=\"elementor-element elementor-element-2658cb80 elementor-widget__width-initial elementor-widget-mobile__width-initial elementor-widget elementor-widget-image\" data-id=\"2658cb80\" data-element_type=\"widget\" data-widget_type=\"image.default\">\n\t\t\t\t<div class=\"elementor-widget-container\">\n\t\t\t\t\t\t\t\t\t\t\t\t\t\t\t<img fetchpriority=\"high\" decoding=\"async\" width=\"2560\" height=\"1706\" src=\"https:\/\/carigest.ch\/wp-content\/uploads\/2025\/04\/230427-masterclass_JS_Bron\u00a9Nikita-Thevoz_02-scaled.jpg\" class=\"attachment-full size-full wp-image-14155\" alt=\"Festival Visions du r\u00e9el - culture accessible\" srcset=\"https:\/\/carigest.ch\/wp-content\/uploads\/2025\/04\/230427-masterclass_JS_Bron\u00a9Nikita-Thevoz_02-scaled.jpg 2560w, https:\/\/carigest.ch\/wp-content\/uploads\/2025\/04\/230427-masterclass_JS_Bron\u00a9Nikita-Thevoz_02-300x200.jpg 300w, https:\/\/carigest.ch\/wp-content\/uploads\/2025\/04\/230427-masterclass_JS_Bron\u00a9Nikita-Thevoz_02-1024x683.jpg 1024w, https:\/\/carigest.ch\/wp-content\/uploads\/2025\/04\/230427-masterclass_JS_Bron\u00a9Nikita-Thevoz_02-768x512.jpg 768w, https:\/\/carigest.ch\/wp-content\/uploads\/2025\/04\/230427-masterclass_JS_Bron\u00a9Nikita-Thevoz_02-1536x1024.jpg 1536w, https:\/\/carigest.ch\/wp-content\/uploads\/2025\/04\/230427-masterclass_JS_Bron\u00a9Nikita-Thevoz_02-2048x1365.jpg 2048w\" sizes=\"(max-width: 2560px) 100vw, 2560px\" \/>\t\t\t\t\t\t\t\t\t\t\t\t\t\t\t<\/div>\n\t\t\t\t<\/div>\n\t\t\t\t<div class=\"elementor-element elementor-element-5d94ef4 elementor-widget elementor-widget-spacer\" data-id=\"5d94ef4\" data-element_type=\"widget\" data-widget_type=\"spacer.default\">\n\t\t\t\t<div class=\"elementor-widget-container\">\n\t\t\t\t\t\t\t<div class=\"elementor-spacer\">\n\t\t\t<div class=\"elementor-spacer-inner\"><\/div>\n\t\t<\/div>\n\t\t\t\t\t\t<\/div>\n\t\t\t\t<\/div>\n\t\t\t\t\t<\/div>\n\t\t<\/div>\n\t\t\t\t<div class=\"elementor-column elementor-col-33 elementor-top-column elementor-element elementor-element-4a01d5bf qodef-sticky-column--no\" data-id=\"4a01d5bf\" data-element_type=\"column\">\n\t\t\t<div class=\"elementor-widget-wrap elementor-element-populated\">\n\t\t\t\t\t\t\t<\/div>\n\t\t<\/div>\n\t\t\t\t\t<\/div>\n\t\t<\/section>\n\t\t\t\t<section class=\"elementor-section elementor-top-section elementor-element elementor-element-2c7c1e8d elementor-section-boxed elementor-section-height-default elementor-section-height-default qodef-elementor-content-no\" data-id=\"2c7c1e8d\" data-element_type=\"section\" data-settings=\"{&quot;background_background&quot;:&quot;classic&quot;}\">\n\t\t\t\t\t\t<div class=\"elementor-container elementor-column-gap-default\">\n\t\t\t\t\t<div class=\"elementor-column elementor-col-100 elementor-top-column elementor-element elementor-element-68ab41d4 qodef-sticky-column--no\" data-id=\"68ab41d4\" data-element_type=\"column\">\n\t\t\t<div class=\"elementor-widget-wrap elementor-element-populated\">\n\t\t\t\t\t\t<div class=\"elementor-element elementor-element-2aad8dbf elementor-widget elementor-widget-qi_addons_for_elementor_section_title\" data-id=\"2aad8dbf\" data-element_type=\"widget\" data-widget_type=\"qi_addons_for_elementor_section_title.default\">\n\t\t\t\t<div class=\"elementor-widget-container\">\n\t\t\t\t\t<div class=\"qodef-shortcode qodef-m qodef-qi-section-title qodef-decoration--italic qodef-link--underline-draw qodef-subtitle-icon--left\">\n\t\t\t\t\t\t\t\t<\/div>\n\t\t\t\t<\/div>\n\t\t\t\t<\/div>\n\t\t\t\t\t<\/div>\n\t\t<\/div>\n\t\t\t\t\t<\/div>\n\t\t<\/section>\n\t\t\t\t<\/div>\n\t\t","protected":false},"excerpt":{"rendered":"<p>Soutien financier au renforcement de l&#8217;accessibilit\u00e9 du Festival <\/p>\n","protected":false},"author":11,"featured_media":14153,"menu_order":4,"template":"elementor_theme","portfolio-category":[48],"portfolio-tag":[],"class_list":["post-14161","portfolio-item","type-portfolio-item","status-publish","has-post-thumbnail","hentry","years-79","portfolio-category-goal-2"],"yoast_head":"<!-- This site is optimized with the Yoast SEO plugin v24.6 - https:\/\/yoast.com\/wordpress\/plugins\/seo\/ -->\n<title>Festival Visions du R\u00e9el - Carigest SA<\/title>\n<meta name=\"robots\" content=\"index, follow, max-snippet:-1, max-image-preview:large, max-video-preview:-1\" \/>\n<link rel=\"canonical\" href=\"https:\/\/carigest.ch\/en\/portfolio-item\/festival-visions-du-reel\/\" \/>\n<meta property=\"og:locale\" content=\"en_US\" \/>\n<meta property=\"og:type\" content=\"article\" \/>\n<meta property=\"og:title\" content=\"Festival Visions du R\u00e9el - Carigest SA\" \/>\n<meta property=\"og:description\" content=\"Soutien financier au renforcement de l&#039;accessibilit\u00e9 du Festival\" \/>\n<meta property=\"og:url\" content=\"https:\/\/carigest.ch\/en\/portfolio-item\/festival-visions-du-reel\/\" \/>\n<meta property=\"og:site_name\" content=\"Carigest SA\" \/>\n<meta property=\"article:modified_time\" content=\"2025-12-15T15:17:11+00:00\" \/>\n<meta property=\"og:image\" content=\"https:\/\/carigest.ch\/wp-content\/uploads\/2025\/04\/230427-masterclass_JS_Bron\u00a9Nikita-Thevoz_09-scaled.jpg\" \/>\n\t<meta property=\"og:image:width\" content=\"2560\" \/>\n\t<meta property=\"og:image:height\" content=\"1707\" \/>\n\t<meta property=\"og:image:type\" content=\"image\/jpeg\" \/>\n<meta name=\"twitter:card\" content=\"summary_large_image\" \/>\n<script type=\"application\/ld+json\" class=\"yoast-schema-graph\">{\"@context\":\"https:\/\/schema.org\",\"@graph\":[{\"@type\":\"WebPage\",\"@id\":\"https:\/\/carigest.ch\/en\/portfolio-item\/festival-visions-du-reel\/\",\"url\":\"https:\/\/carigest.ch\/en\/portfolio-item\/festival-visions-du-reel\/\",\"name\":\"Festival Visions du R\u00e9el - Carigest SA\",\"isPartOf\":{\"@id\":\"https:\/\/carigest.ch\/en\/#website\"},\"primaryImageOfPage\":{\"@id\":\"https:\/\/carigest.ch\/en\/portfolio-item\/festival-visions-du-reel\/#primaryimage\"},\"image\":{\"@id\":\"https:\/\/carigest.ch\/en\/portfolio-item\/festival-visions-du-reel\/#primaryimage\"},\"thumbnailUrl\":\"https:\/\/carigest.ch\/wp-content\/uploads\/2025\/04\/230427-masterclass_JS_Bron\u00a9Nikita-Thevoz_09-scaled.jpg\",\"datePublished\":\"2025-04-10T16:38:53+00:00\",\"dateModified\":\"2025-12-15T15:17:11+00:00\",\"breadcrumb\":{\"@id\":\"https:\/\/carigest.ch\/en\/portfolio-item\/festival-visions-du-reel\/#breadcrumb\"},\"inLanguage\":\"en-US\",\"potentialAction\":[{\"@type\":\"ReadAction\",\"target\":[\"https:\/\/carigest.ch\/en\/portfolio-item\/festival-visions-du-reel\/\"]}]},{\"@type\":\"ImageObject\",\"inLanguage\":\"en-US\",\"@id\":\"https:\/\/carigest.ch\/en\/portfolio-item\/festival-visions-du-reel\/#primaryimage\",\"url\":\"https:\/\/carigest.ch\/wp-content\/uploads\/2025\/04\/230427-masterclass_JS_Bron\u00a9Nikita-Thevoz_09-scaled.jpg\",\"contentUrl\":\"https:\/\/carigest.ch\/wp-content\/uploads\/2025\/04\/230427-masterclass_JS_Bron\u00a9Nikita-Thevoz_09-scaled.jpg\",\"width\":2560,\"height\":1707,\"caption\":\"Festival vision du r\u00e9el\"},{\"@type\":\"BreadcrumbList\",\"@id\":\"https:\/\/carigest.ch\/en\/portfolio-item\/festival-visions-du-reel\/#breadcrumb\",\"itemListElement\":[{\"@type\":\"ListItem\",\"position\":1,\"name\":\"Home\",\"item\":\"https:\/\/carigest.ch\/en\/home\/\"},{\"@type\":\"ListItem\",\"position\":2,\"name\":\"Qode Portfolio\",\"item\":\"https:\/\/carigest.ch\/en\/portfolio-item\/\"},{\"@type\":\"ListItem\",\"position\":3,\"name\":\"Festival Visions du R\u00e9el\"}]},{\"@type\":\"WebSite\",\"@id\":\"https:\/\/carigest.ch\/en\/#website\",\"url\":\"https:\/\/carigest.ch\/en\/\",\"name\":\"Carigest SA\",\"description\":\"Conseil, gestion, accompagnement\",\"publisher\":{\"@id\":\"https:\/\/carigest.ch\/en\/#organization\"},\"potentialAction\":[{\"@type\":\"SearchAction\",\"target\":{\"@type\":\"EntryPoint\",\"urlTemplate\":\"https:\/\/carigest.ch\/en\/?s={search_term_string}\"},\"query-input\":{\"@type\":\"PropertyValueSpecification\",\"valueRequired\":true,\"valueName\":\"search_term_string\"}}],\"inLanguage\":\"en-US\"},{\"@type\":\"Organization\",\"@id\":\"https:\/\/carigest.ch\/en\/#organization\",\"name\":\"Carigest SA\",\"url\":\"https:\/\/carigest.ch\/en\/\",\"logo\":{\"@type\":\"ImageObject\",\"inLanguage\":\"en-US\",\"@id\":\"https:\/\/carigest.ch\/en\/#\/schema\/logo\/image\/\",\"url\":\"\",\"contentUrl\":\"\",\"caption\":\"Carigest SA\"},\"image\":{\"@id\":\"https:\/\/carigest.ch\/en\/#\/schema\/logo\/image\/\"},\"sameAs\":[\"https:\/\/www.linkedin.com\/company\/carigest-sa\/\"]}]}<\/script>\n<!-- \/ Yoast SEO plugin. -->","yoast_head_json":{"title":"Festival Visions du R\u00e9el - Carigest SA","robots":{"index":"index","follow":"follow","max-snippet":"max-snippet:-1","max-image-preview":"max-image-preview:large","max-video-preview":"max-video-preview:-1"},"canonical":"https:\/\/carigest.ch\/en\/portfolio-item\/festival-visions-du-reel\/","og_locale":"en_US","og_type":"article","og_title":"Festival Visions du R\u00e9el - Carigest SA","og_description":"Soutien financier au renforcement de l'accessibilit\u00e9 du Festival","og_url":"https:\/\/carigest.ch\/en\/portfolio-item\/festival-visions-du-reel\/","og_site_name":"Carigest SA","article_modified_time":"2025-12-15T15:17:11+00:00","og_image":[{"width":2560,"height":1707,"url":"https:\/\/carigest.ch\/wp-content\/uploads\/2025\/04\/230427-masterclass_JS_Bron\u00a9Nikita-Thevoz_09-scaled.jpg","type":"image\/jpeg"}],"twitter_card":"summary_large_image","schema":{"@context":"https:\/\/schema.org","@graph":[{"@type":"WebPage","@id":"https:\/\/carigest.ch\/en\/portfolio-item\/festival-visions-du-reel\/","url":"https:\/\/carigest.ch\/en\/portfolio-item\/festival-visions-du-reel\/","name":"Festival Visions du R\u00e9el - Carigest SA","isPartOf":{"@id":"https:\/\/carigest.ch\/en\/#website"},"primaryImageOfPage":{"@id":"https:\/\/carigest.ch\/en\/portfolio-item\/festival-visions-du-reel\/#primaryimage"},"image":{"@id":"https:\/\/carigest.ch\/en\/portfolio-item\/festival-visions-du-reel\/#primaryimage"},"thumbnailUrl":"https:\/\/carigest.ch\/wp-content\/uploads\/2025\/04\/230427-masterclass_JS_Bron\u00a9Nikita-Thevoz_09-scaled.jpg","datePublished":"2025-04-10T16:38:53+00:00","dateModified":"2025-12-15T15:17:11+00:00","breadcrumb":{"@id":"https:\/\/carigest.ch\/en\/portfolio-item\/festival-visions-du-reel\/#breadcrumb"},"inLanguage":"en-US","potentialAction":[{"@type":"ReadAction","target":["https:\/\/carigest.ch\/en\/portfolio-item\/festival-visions-du-reel\/"]}]},{"@type":"ImageObject","inLanguage":"en-US","@id":"https:\/\/carigest.ch\/en\/portfolio-item\/festival-visions-du-reel\/#primaryimage","url":"https:\/\/carigest.ch\/wp-content\/uploads\/2025\/04\/230427-masterclass_JS_Bron\u00a9Nikita-Thevoz_09-scaled.jpg","contentUrl":"https:\/\/carigest.ch\/wp-content\/uploads\/2025\/04\/230427-masterclass_JS_Bron\u00a9Nikita-Thevoz_09-scaled.jpg","width":2560,"height":1707,"caption":"Festival vision du r\u00e9el"},{"@type":"BreadcrumbList","@id":"https:\/\/carigest.ch\/en\/portfolio-item\/festival-visions-du-reel\/#breadcrumb","itemListElement":[{"@type":"ListItem","position":1,"name":"Home","item":"https:\/\/carigest.ch\/en\/home\/"},{"@type":"ListItem","position":2,"name":"Qode Portfolio","item":"https:\/\/carigest.ch\/en\/portfolio-item\/"},{"@type":"ListItem","position":3,"name":"Festival Visions du R\u00e9el"}]},{"@type":"WebSite","@id":"https:\/\/carigest.ch\/en\/#website","url":"https:\/\/carigest.ch\/en\/","name":"Carigest SA","description":"Conseil, gestion, accompagnement","publisher":{"@id":"https:\/\/carigest.ch\/en\/#organization"},"potentialAction":[{"@type":"SearchAction","target":{"@type":"EntryPoint","urlTemplate":"https:\/\/carigest.ch\/en\/?s={search_term_string}"},"query-input":{"@type":"PropertyValueSpecification","valueRequired":true,"valueName":"search_term_string"}}],"inLanguage":"en-US"},{"@type":"Organization","@id":"https:\/\/carigest.ch\/en\/#organization","name":"Carigest SA","url":"https:\/\/carigest.ch\/en\/","logo":{"@type":"ImageObject","inLanguage":"en-US","@id":"https:\/\/carigest.ch\/en\/#\/schema\/logo\/image\/","url":"","contentUrl":"","caption":"Carigest SA"},"image":{"@id":"https:\/\/carigest.ch\/en\/#\/schema\/logo\/image\/"},"sameAs":["https:\/\/www.linkedin.com\/company\/carigest-sa\/"]}]}},"_links":{"self":[{"href":"https:\/\/carigest.ch\/en\/wp-json\/wp\/v2\/portfolio-item\/14161","targetHints":{"allow":["GET"]}}],"collection":[{"href":"https:\/\/carigest.ch\/en\/wp-json\/wp\/v2\/portfolio-item"}],"about":[{"href":"https:\/\/carigest.ch\/en\/wp-json\/wp\/v2\/types\/portfolio-item"}],"author":[{"embeddable":true,"href":"https:\/\/carigest.ch\/en\/wp-json\/wp\/v2\/users\/11"}],"version-history":[{"count":4,"href":"https:\/\/carigest.ch\/en\/wp-json\/wp\/v2\/portfolio-item\/14161\/revisions"}],"predecessor-version":[{"id":15668,"href":"https:\/\/carigest.ch\/en\/wp-json\/wp\/v2\/portfolio-item\/14161\/revisions\/15668"}],"wp:featuredmedia":[{"embeddable":true,"href":"https:\/\/carigest.ch\/en\/wp-json\/wp\/v2\/media\/14153"}],"wp:attachment":[{"href":"https:\/\/carigest.ch\/en\/wp-json\/wp\/v2\/media?parent=14161"}],"wp:term":[{"taxonomy":"portfolio-category","embeddable":true,"href":"https:\/\/carigest.ch\/en\/wp-json\/wp\/v2\/portfolio-category?post=14161"},{"taxonomy":"portfolio-tag","embeddable":true,"href":"https:\/\/carigest.ch\/en\/wp-json\/wp\/v2\/portfolio-tag?post=14161"}],"curies":[{"name":"wp","href":"https:\/\/api.w.org\/{rel}","templated":true}]}}