{"id":14037,"date":"2025-03-27T14:16:30","date_gmt":"2025-03-27T13:16:30","guid":{"rendered":"https:\/\/carigest.ch\/?post_type=portfolio-item&#038;p=14037"},"modified":"2026-02-24T09:46:52","modified_gmt":"2026-02-24T08:46:52","slug":"interroger-le-terrain-immunitaire-des-patients-souffrant-de-metastases-cerebrales","status":"publish","type":"portfolio-item","link":"https:\/\/carigest.ch\/de\/portfolio-item\/interroger-le-terrain-immunitaire-des-patients-souffrant-de-metastases-cerebrales\/","title":{"rendered":"Universit\u00e9 de Lausanne &#8222;Interroger le terrain immunitaire des patients souffrant de m\u00e9tastases c\u00e9r\u00e9brales &#8222;"},"content":{"rendered":"\t\t<div data-elementor-type=\"wp-post\" data-elementor-id=\"14037\" class=\"elementor elementor-14037 elementor-14025\" data-elementor-post-type=\"portfolio-item\">\n\t\t\t\t\t\t<section class=\"elementor-section elementor-top-section elementor-element elementor-element-1448cbb6 qodef-elementor-content-grid elementor-section-boxed elementor-section-height-default elementor-section-height-default\" data-id=\"1448cbb6\" data-element_type=\"section\" data-settings=\"{&quot;background_background&quot;:&quot;classic&quot;}\">\n\t\t\t\t\t\t<div class=\"elementor-container elementor-column-gap-default\">\n\t\t\t\t\t<div class=\"elementor-column elementor-col-100 elementor-top-column elementor-element elementor-element-44364cf9 qodef-sticky-column--no\" data-id=\"44364cf9\" data-element_type=\"column\">\n\t\t\t<div class=\"elementor-widget-wrap elementor-element-populated\">\n\t\t\t\t\t\t<div class=\"elementor-element elementor-element-3441fde3 elementor-widget__width-inherit elementor-widget elementor-widget-spacer\" data-id=\"3441fde3\" data-element_type=\"widget\" data-widget_type=\"spacer.default\">\n\t\t\t\t<div class=\"elementor-widget-container\">\n\t\t\t\t\t\t\t<div class=\"elementor-spacer\">\n\t\t\t<div class=\"elementor-spacer-inner\"><\/div>\n\t\t<\/div>\n\t\t\t\t\t\t<\/div>\n\t\t\t\t<\/div>\n\t\t\t\t\t<\/div>\n\t\t<\/div>\n\t\t\t\t\t<\/div>\n\t\t<\/section>\n\t\t\t\t<section class=\"elementor-section elementor-top-section elementor-element elementor-element-38fe8a62 elementor-section-boxed elementor-section-height-default elementor-section-height-default qodef-elementor-content-no\" data-id=\"38fe8a62\" data-element_type=\"section\">\n\t\t\t\t\t\t<div class=\"elementor-container elementor-column-gap-default\">\n\t\t\t\t\t<div class=\"elementor-column elementor-col-100 elementor-top-column elementor-element elementor-element-55d0a0c1 qodef-sticky-column--no\" data-id=\"55d0a0c1\" data-element_type=\"column\">\n\t\t\t<div class=\"elementor-widget-wrap elementor-element-populated\">\n\t\t\t\t\t\t<div class=\"elementor-element elementor-element-195db2a3 elementor-widget__width-initial elementor-widget elementor-widget-qi_addons_for_elementor_section_title\" data-id=\"195db2a3\" data-element_type=\"widget\" data-widget_type=\"qi_addons_for_elementor_section_title.default\">\n\t\t\t\t<div class=\"elementor-widget-container\">\n\t\t\t\t\t<div class=\"qodef-shortcode qodef-m qodef-qi-section-title qodef-decoration--italic qodef-link--underline-draw qodef-subtitle-icon--left\">\n\t\t\t<h1 class=\"qodef-m-title\">\n\t\tInterroger le terrain immunitaire des patients souffrant de m\u00e9tastases c\u00e9r\u00e9brales\t<\/h1>\n\t\t\t\t<h5 class=\"qodef-m-subtitle\">\n\t\tD\u00e9partement d\u2019Oncologie UNIL-CHUV\t\t\t<\/h5>\n\t\t\t<\/div>\n\t\t\t\t<\/div>\n\t\t\t\t<\/div>\n\t\t\t\t<div class=\"elementor-element elementor-element-5a9ee6fb elementor-widget__width-initial elementor-widget elementor-widget-qi_addons_for_elementor_section_title\" data-id=\"5a9ee6fb\" data-element_type=\"widget\" data-widget_type=\"qi_addons_for_elementor_section_title.default\">\n\t\t\t\t<div class=\"elementor-widget-container\">\n\t\t\t\t\t<div class=\"qodef-shortcode qodef-m qodef-qi-section-title qodef-decoration--italic qodef-link--underline-draw qodef-subtitle-icon--left\">\n\t\t\t\t\t\t<h2 class=\"qodef-m-title\">\n\t\tDescription\t<\/h2>\n\t\t\t<div class=\"qodef-m-text\"><p style=\"font-weight: 400\">Le projet de la <strong>Professeure Johanna Joyce<\/strong> de l\u2019Universit\u00e9 de Lausanne \u201cInterroger le terrain immunitaire des patients souffrant de m\u00e9tastases c\u00e9r\u00e9brales\u201d, explore le r\u00f4le des cellules du microenvironnement tumoral c\u00e9r\u00e9bral, notamment des cellules immunitaires, dans la r\u00e9gulation de la progression des m\u00e9tastases c\u00e9r\u00e9brales (propag\u00e9es \u00e0 partir d\u2019autres organes). <\/p><p style=\"font-weight: 400\">Les r\u00e9sultats ont r\u00e9v\u00e9l\u00e9 des profils immunitaires distincts entre tumeurs c\u00e9r\u00e9brales primaires (gliomes) et m\u00e9tastases c\u00e9r\u00e9brales. Gr\u00e2ce au financement de l\u2019une de nos fondations donatrices, six articles majeurs ont \u00e9t\u00e9 publi\u00e9s : am\u00e9liorant la compr\u00e9hension des limites de l\u2019immunoth\u00e9rapie c\u00e9r\u00e9brale, ouvrant la voie \u00e0 de nouvelles strat\u00e9gies th\u00e9rapeutiques et stimulant la recherche sur le microenvironnement tumoral dans les cancers du cerveau. <\/p><p style=\"font-weight: 400\">Publi\u00e9e dans Cell, Nature Cancer, Cancer Cell, Cell Reports Medicine, Nature Protocols et Immunity, cette recherche ouvre la voie \u00e0 des traitements plus adapt\u00e9s aux sp\u00e9cificit\u00e9s de chaque type de cancer du cerveau.<\/p><p style=\"font-weight: 400\"> <\/p><\/div>\n\t<\/div>\n\t\t\t\t<\/div>\n\t\t\t\t<\/div>\n\t\t\t\t<div class=\"elementor-element elementor-element-1b3a3c85 elementor-widget__width-initial elementor-widget elementor-widget-qi_addons_for_elementor_section_title\" data-id=\"1b3a3c85\" data-element_type=\"widget\" data-widget_type=\"qi_addons_for_elementor_section_title.default\">\n\t\t\t\t<div class=\"elementor-widget-container\">\n\t\t\t\t\t<div class=\"qodef-shortcode qodef-m qodef-qi-section-title qodef-decoration--italic qodef-link--underline-draw qodef-subtitle-icon--left\">\n\t\t\t\t\t\t<h2 class=\"qodef-m-title\">\n\t\tLien Internet \t<\/h2>\n\t\t\t<div class=\"qodef-m-text\"><p>Site internet : <span style=\"text-decoration: underline\"><a href=\"https:\/\/joycelab.org\/\">Johanna Joyce Lab<\/a><\/span><\/p><p>\u00a9 photo : Cl\u00e9a Masserey et Roeltje Maas, laboratoire du Prof. Joyce <\/p><\/div>\n\t<\/div>\n\t\t\t\t<\/div>\n\t\t\t\t<\/div>\n\t\t\t\t\t<\/div>\n\t\t<\/div>\n\t\t\t\t\t<\/div>\n\t\t<\/section>\n\t\t\t\t<section class=\"elementor-section elementor-top-section elementor-element elementor-element-60bd14cc elementor-section-boxed elementor-section-height-default elementor-section-height-default qodef-elementor-content-no\" data-id=\"60bd14cc\" data-element_type=\"section\" data-settings=\"{&quot;background_background&quot;:&quot;classic&quot;}\">\n\t\t\t\t\t\t<div class=\"elementor-container elementor-column-gap-default\">\n\t\t\t\t\t<div class=\"elementor-column elementor-col-100 elementor-top-column elementor-element elementor-element-5b5e92d7 qodef-sticky-column--no\" data-id=\"5b5e92d7\" data-element_type=\"column\">\n\t\t\t<div class=\"elementor-widget-wrap\">\n\t\t\t\t\t\t\t<\/div>\n\t\t<\/div>\n\t\t\t\t\t<\/div>\n\t\t<\/section>\n\t\t\t\t<\/div>\n\t\t","protected":false},"excerpt":{"rendered":"<p>Le projet de la Professeure Johanna Joyce explore le r\u00f4le des cellules du microenvironnement tumoral c\u00e9r\u00e9bral.<\/p>\n","protected":false},"author":11,"featured_media":14028,"menu_order":1,"template":"elementor_theme","portfolio-category":[43],"portfolio-tag":[],"class_list":["post-14037","portfolio-item","type-portfolio-item","status-publish","has-post-thumbnail","hentry","years-79","portfolio-category-zweck-1"],"yoast_head":"<!-- This site is optimized with the Yoast SEO plugin v24.6 - https:\/\/yoast.com\/wordpress\/plugins\/seo\/ -->\n<title>Universit\u00e9 de Lausanne &quot;Interroger le terrain immunitaire des patients souffrant de m\u00e9tastases c\u00e9r\u00e9brales &quot; - Carigest SA<\/title>\n<meta name=\"robots\" content=\"index, follow, max-snippet:-1, max-image-preview:large, max-video-preview:-1\" \/>\n<link rel=\"canonical\" href=\"https:\/\/carigest.ch\/de\/portfolio-item\/interroger-le-terrain-immunitaire-des-patients-souffrant-de-metastases-cerebrales\/\" \/>\n<meta property=\"og:locale\" content=\"de_DE\" \/>\n<meta property=\"og:type\" content=\"article\" \/>\n<meta property=\"og:title\" content=\"Universit\u00e9 de Lausanne &quot;Interroger le terrain immunitaire des patients souffrant de m\u00e9tastases c\u00e9r\u00e9brales &quot; - Carigest SA\" \/>\n<meta property=\"og:description\" content=\"Le projet de la Professeure Johanna Joyce explore le r\u00f4le des cellules du microenvironnement tumoral c\u00e9r\u00e9bral.\" \/>\n<meta property=\"og:url\" content=\"https:\/\/carigest.ch\/de\/portfolio-item\/interroger-le-terrain-immunitaire-des-patients-souffrant-de-metastases-cerebrales\/\" \/>\n<meta property=\"og:site_name\" content=\"Carigest SA\" \/>\n<meta property=\"article:modified_time\" content=\"2026-02-24T08:46:52+00:00\" \/>\n<meta property=\"og:image\" content=\"https:\/\/carigest.ch\/wp-content\/uploads\/2025\/03\/Photo-Cerveau-scaled.jpg\" \/>\n\t<meta property=\"og:image:width\" content=\"2560\" \/>\n\t<meta property=\"og:image:height\" content=\"2208\" \/>\n\t<meta property=\"og:image:type\" content=\"image\/jpeg\" \/>\n<meta name=\"twitter:card\" content=\"summary_large_image\" \/>\n<script type=\"application\/ld+json\" class=\"yoast-schema-graph\">{\"@context\":\"https:\/\/schema.org\",\"@graph\":[{\"@type\":\"WebPage\",\"@id\":\"https:\/\/carigest.ch\/de\/portfolio-item\/interroger-le-terrain-immunitaire-des-patients-souffrant-de-metastases-cerebrales\/\",\"url\":\"https:\/\/carigest.ch\/de\/portfolio-item\/interroger-le-terrain-immunitaire-des-patients-souffrant-de-metastases-cerebrales\/\",\"name\":\"Universit\u00e9 de Lausanne \\\"Interroger le terrain immunitaire des patients souffrant de m\u00e9tastases c\u00e9r\u00e9brales \\\" - Carigest SA\",\"isPartOf\":{\"@id\":\"https:\/\/carigest.ch\/de\/#website\"},\"primaryImageOfPage\":{\"@id\":\"https:\/\/carigest.ch\/de\/portfolio-item\/interroger-le-terrain-immunitaire-des-patients-souffrant-de-metastases-cerebrales\/#primaryimage\"},\"image\":{\"@id\":\"https:\/\/carigest.ch\/de\/portfolio-item\/interroger-le-terrain-immunitaire-des-patients-souffrant-de-metastases-cerebrales\/#primaryimage\"},\"thumbnailUrl\":\"https:\/\/carigest.ch\/wp-content\/uploads\/2025\/03\/Photo-Cerveau-scaled.jpg\",\"datePublished\":\"2025-03-27T13:16:30+00:00\",\"dateModified\":\"2026-02-24T08:46:52+00:00\",\"breadcrumb\":{\"@id\":\"https:\/\/carigest.ch\/de\/portfolio-item\/interroger-le-terrain-immunitaire-des-patients-souffrant-de-metastases-cerebrales\/#breadcrumb\"},\"inLanguage\":\"de\",\"potentialAction\":[{\"@type\":\"ReadAction\",\"target\":[\"https:\/\/carigest.ch\/de\/portfolio-item\/interroger-le-terrain-immunitaire-des-patients-souffrant-de-metastases-cerebrales\/\"]}]},{\"@type\":\"ImageObject\",\"inLanguage\":\"de\",\"@id\":\"https:\/\/carigest.ch\/de\/portfolio-item\/interroger-le-terrain-immunitaire-des-patients-souffrant-de-metastases-cerebrales\/#primaryimage\",\"url\":\"https:\/\/carigest.ch\/wp-content\/uploads\/2025\/03\/Photo-Cerveau-scaled.jpg\",\"contentUrl\":\"https:\/\/carigest.ch\/wp-content\/uploads\/2025\/03\/Photo-Cerveau-scaled.jpg\",\"width\":2560,\"height\":2208,\"caption\":\"Illustration d'un cerveau\"},{\"@type\":\"BreadcrumbList\",\"@id\":\"https:\/\/carigest.ch\/de\/portfolio-item\/interroger-le-terrain-immunitaire-des-patients-souffrant-de-metastases-cerebrales\/#breadcrumb\",\"itemListElement\":[{\"@type\":\"ListItem\",\"position\":1,\"name\":\"Home\",\"item\":\"https:\/\/carigest.ch\/de\/startseite\/\"},{\"@type\":\"ListItem\",\"position\":2,\"name\":\"Qode Portfolio\",\"item\":\"https:\/\/carigest.ch\/de\/portfolio-item\/\"},{\"@type\":\"ListItem\",\"position\":3,\"name\":\"Universit\u00e9 de Lausanne \u00ab\u00a0Interroger le terrain immunitaire des patients souffrant de m\u00e9tastases c\u00e9r\u00e9brales \u00ab\u00a0\"}]},{\"@type\":\"WebSite\",\"@id\":\"https:\/\/carigest.ch\/de\/#website\",\"url\":\"https:\/\/carigest.ch\/de\/\",\"name\":\"Carigest SA\",\"description\":\"Beratung, Verwaltung, Begleitung\",\"publisher\":{\"@id\":\"https:\/\/carigest.ch\/de\/#organization\"},\"potentialAction\":[{\"@type\":\"SearchAction\",\"target\":{\"@type\":\"EntryPoint\",\"urlTemplate\":\"https:\/\/carigest.ch\/de\/?s={search_term_string}\"},\"query-input\":{\"@type\":\"PropertyValueSpecification\",\"valueRequired\":true,\"valueName\":\"search_term_string\"}}],\"inLanguage\":\"de\"},{\"@type\":\"Organization\",\"@id\":\"https:\/\/carigest.ch\/de\/#organization\",\"name\":\"Carigest SA\",\"url\":\"https:\/\/carigest.ch\/de\/\",\"logo\":{\"@type\":\"ImageObject\",\"inLanguage\":\"de\",\"@id\":\"https:\/\/carigest.ch\/de\/#\/schema\/logo\/image\/\",\"url\":\"\",\"contentUrl\":\"\",\"caption\":\"Carigest SA\"},\"image\":{\"@id\":\"https:\/\/carigest.ch\/de\/#\/schema\/logo\/image\/\"},\"sameAs\":[\"https:\/\/www.linkedin.com\/company\/carigest-sa\/\"]}]}<\/script>\n<!-- \/ Yoast SEO plugin. -->","yoast_head_json":{"title":"Universit\u00e9 de Lausanne \"Interroger le terrain immunitaire des patients souffrant de m\u00e9tastases c\u00e9r\u00e9brales \" - Carigest SA","robots":{"index":"index","follow":"follow","max-snippet":"max-snippet:-1","max-image-preview":"max-image-preview:large","max-video-preview":"max-video-preview:-1"},"canonical":"https:\/\/carigest.ch\/de\/portfolio-item\/interroger-le-terrain-immunitaire-des-patients-souffrant-de-metastases-cerebrales\/","og_locale":"de_DE","og_type":"article","og_title":"Universit\u00e9 de Lausanne \"Interroger le terrain immunitaire des patients souffrant de m\u00e9tastases c\u00e9r\u00e9brales \" - Carigest SA","og_description":"Le projet de la Professeure Johanna Joyce explore le r\u00f4le des cellules du microenvironnement tumoral c\u00e9r\u00e9bral.","og_url":"https:\/\/carigest.ch\/de\/portfolio-item\/interroger-le-terrain-immunitaire-des-patients-souffrant-de-metastases-cerebrales\/","og_site_name":"Carigest SA","article_modified_time":"2026-02-24T08:46:52+00:00","og_image":[{"width":2560,"height":2208,"url":"https:\/\/carigest.ch\/wp-content\/uploads\/2025\/03\/Photo-Cerveau-scaled.jpg","type":"image\/jpeg"}],"twitter_card":"summary_large_image","schema":{"@context":"https:\/\/schema.org","@graph":[{"@type":"WebPage","@id":"https:\/\/carigest.ch\/de\/portfolio-item\/interroger-le-terrain-immunitaire-des-patients-souffrant-de-metastases-cerebrales\/","url":"https:\/\/carigest.ch\/de\/portfolio-item\/interroger-le-terrain-immunitaire-des-patients-souffrant-de-metastases-cerebrales\/","name":"Universit\u00e9 de Lausanne \"Interroger le terrain immunitaire des patients souffrant de m\u00e9tastases c\u00e9r\u00e9brales \" - Carigest SA","isPartOf":{"@id":"https:\/\/carigest.ch\/de\/#website"},"primaryImageOfPage":{"@id":"https:\/\/carigest.ch\/de\/portfolio-item\/interroger-le-terrain-immunitaire-des-patients-souffrant-de-metastases-cerebrales\/#primaryimage"},"image":{"@id":"https:\/\/carigest.ch\/de\/portfolio-item\/interroger-le-terrain-immunitaire-des-patients-souffrant-de-metastases-cerebrales\/#primaryimage"},"thumbnailUrl":"https:\/\/carigest.ch\/wp-content\/uploads\/2025\/03\/Photo-Cerveau-scaled.jpg","datePublished":"2025-03-27T13:16:30+00:00","dateModified":"2026-02-24T08:46:52+00:00","breadcrumb":{"@id":"https:\/\/carigest.ch\/de\/portfolio-item\/interroger-le-terrain-immunitaire-des-patients-souffrant-de-metastases-cerebrales\/#breadcrumb"},"inLanguage":"de","potentialAction":[{"@type":"ReadAction","target":["https:\/\/carigest.ch\/de\/portfolio-item\/interroger-le-terrain-immunitaire-des-patients-souffrant-de-metastases-cerebrales\/"]}]},{"@type":"ImageObject","inLanguage":"de","@id":"https:\/\/carigest.ch\/de\/portfolio-item\/interroger-le-terrain-immunitaire-des-patients-souffrant-de-metastases-cerebrales\/#primaryimage","url":"https:\/\/carigest.ch\/wp-content\/uploads\/2025\/03\/Photo-Cerveau-scaled.jpg","contentUrl":"https:\/\/carigest.ch\/wp-content\/uploads\/2025\/03\/Photo-Cerveau-scaled.jpg","width":2560,"height":2208,"caption":"Illustration d'un cerveau"},{"@type":"BreadcrumbList","@id":"https:\/\/carigest.ch\/de\/portfolio-item\/interroger-le-terrain-immunitaire-des-patients-souffrant-de-metastases-cerebrales\/#breadcrumb","itemListElement":[{"@type":"ListItem","position":1,"name":"Home","item":"https:\/\/carigest.ch\/de\/startseite\/"},{"@type":"ListItem","position":2,"name":"Qode Portfolio","item":"https:\/\/carigest.ch\/de\/portfolio-item\/"},{"@type":"ListItem","position":3,"name":"Universit\u00e9 de Lausanne \u00ab\u00a0Interroger le terrain immunitaire des patients souffrant de m\u00e9tastases c\u00e9r\u00e9brales \u00ab\u00a0"}]},{"@type":"WebSite","@id":"https:\/\/carigest.ch\/de\/#website","url":"https:\/\/carigest.ch\/de\/","name":"Carigest SA","description":"Beratung, Verwaltung, Begleitung","publisher":{"@id":"https:\/\/carigest.ch\/de\/#organization"},"potentialAction":[{"@type":"SearchAction","target":{"@type":"EntryPoint","urlTemplate":"https:\/\/carigest.ch\/de\/?s={search_term_string}"},"query-input":{"@type":"PropertyValueSpecification","valueRequired":true,"valueName":"search_term_string"}}],"inLanguage":"de"},{"@type":"Organization","@id":"https:\/\/carigest.ch\/de\/#organization","name":"Carigest SA","url":"https:\/\/carigest.ch\/de\/","logo":{"@type":"ImageObject","inLanguage":"de","@id":"https:\/\/carigest.ch\/de\/#\/schema\/logo\/image\/","url":"","contentUrl":"","caption":"Carigest SA"},"image":{"@id":"https:\/\/carigest.ch\/de\/#\/schema\/logo\/image\/"},"sameAs":["https:\/\/www.linkedin.com\/company\/carigest-sa\/"]}]}},"_links":{"self":[{"href":"https:\/\/carigest.ch\/de\/wp-json\/wp\/v2\/portfolio-item\/14037","targetHints":{"allow":["GET"]}}],"collection":[{"href":"https:\/\/carigest.ch\/de\/wp-json\/wp\/v2\/portfolio-item"}],"about":[{"href":"https:\/\/carigest.ch\/de\/wp-json\/wp\/v2\/types\/portfolio-item"}],"author":[{"embeddable":true,"href":"https:\/\/carigest.ch\/de\/wp-json\/wp\/v2\/users\/11"}],"version-history":[{"count":11,"href":"https:\/\/carigest.ch\/de\/wp-json\/wp\/v2\/portfolio-item\/14037\/revisions"}],"predecessor-version":[{"id":15938,"href":"https:\/\/carigest.ch\/de\/wp-json\/wp\/v2\/portfolio-item\/14037\/revisions\/15938"}],"wp:featuredmedia":[{"embeddable":true,"href":"https:\/\/carigest.ch\/de\/wp-json\/wp\/v2\/media\/14028"}],"wp:attachment":[{"href":"https:\/\/carigest.ch\/de\/wp-json\/wp\/v2\/media?parent=14037"}],"wp:term":[{"taxonomy":"portfolio-category","embeddable":true,"href":"https:\/\/carigest.ch\/de\/wp-json\/wp\/v2\/portfolio-category?post=14037"},{"taxonomy":"portfolio-tag","embeddable":true,"href":"https:\/\/carigest.ch\/de\/wp-json\/wp\/v2\/portfolio-tag?post=14037"}],"curies":[{"name":"wp","href":"https:\/\/api.w.org\/{rel}","templated":true}]}}