{"id":11516,"date":"2023-07-27T15:56:27","date_gmt":"2023-07-27T13:56:27","guid":{"rendered":"https:\/\/bfqhbmyrq.preview.infomaniak.website\/portfolio-item\/la-fondation-de-la-maison-de-la-riviere\/"},"modified":"2024-05-02T21:29:50","modified_gmt":"2024-05-02T19:29:50","slug":"la-fondation-de-la-maison-de-la-riviere","status":"publish","type":"portfolio-item","link":"https:\/\/carigest.ch\/de\/portfolio-item\/la-fondation-de-la-maison-de-la-riviere\/","title":{"rendered":"Association pour la Sauvegarde du L\u00e9man"},"content":{"rendered":"\t\t<div data-elementor-type=\"wp-post\" data-elementor-id=\"11516\" class=\"elementor elementor-11516 elementor-11462\" data-elementor-post-type=\"portfolio-item\">\n\t\t\t\t\t\t<section class=\"elementor-section elementor-top-section elementor-element elementor-element-1448cbb6 qodef-elementor-content-grid elementor-section-boxed elementor-section-height-default elementor-section-height-default\" data-id=\"1448cbb6\" data-element_type=\"section\" data-settings=\"{&quot;background_background&quot;:&quot;classic&quot;}\">\n\t\t\t\t\t\t<div class=\"elementor-container elementor-column-gap-default\">\n\t\t\t\t\t<div class=\"elementor-column elementor-col-100 elementor-top-column elementor-element elementor-element-44364cf9 qodef-sticky-column--no\" data-id=\"44364cf9\" data-element_type=\"column\">\n\t\t\t<div class=\"elementor-widget-wrap elementor-element-populated\">\n\t\t\t\t\t\t<div class=\"elementor-element elementor-element-3441fde3 elementor-widget elementor-widget-spacer\" data-id=\"3441fde3\" data-element_type=\"widget\" data-widget_type=\"spacer.default\">\n\t\t\t\t<div class=\"elementor-widget-container\">\n\t\t\t\t\t\t\t<div class=\"elementor-spacer\">\n\t\t\t<div class=\"elementor-spacer-inner\"><\/div>\n\t\t<\/div>\n\t\t\t\t\t\t<\/div>\n\t\t\t\t<\/div>\n\t\t\t\t\t<\/div>\n\t\t<\/div>\n\t\t\t\t\t<\/div>\n\t\t<\/section>\n\t\t\t\t<section class=\"elementor-section elementor-top-section elementor-element elementor-element-38fe8a62 elementor-section-boxed elementor-section-height-default elementor-section-height-default qodef-elementor-content-no\" data-id=\"38fe8a62\" data-element_type=\"section\">\n\t\t\t\t\t\t<div class=\"elementor-container elementor-column-gap-default\">\n\t\t\t\t\t<div class=\"elementor-column elementor-col-33 elementor-top-column elementor-element elementor-element-55d0a0c1 qodef-sticky-column--no\" data-id=\"55d0a0c1\" data-element_type=\"column\">\n\t\t\t<div class=\"elementor-widget-wrap elementor-element-populated\">\n\t\t\t\t\t\t<div class=\"elementor-element elementor-element-195db2a3 elementor-widget elementor-widget-qi_addons_for_elementor_section_title\" data-id=\"195db2a3\" data-element_type=\"widget\" data-widget_type=\"qi_addons_for_elementor_section_title.default\">\n\t\t\t\t<div class=\"elementor-widget-container\">\n\t\t\t\t\t<div class=\"qodef-shortcode qodef-m qodef-qi-section-title qodef-decoration--italic qodef-link--underline-draw qodef-subtitle-icon--left\">\n\t\t\t\t\t\t<h1 class=\"qodef-m-title\">\n\t\tAssociation pour la Sauvegarde du L\u00e9man\t<\/h1>\n\t\t\t<div class=\"qodef-m-text\"><p>L\u2019Association pour la Sauvegarde du L\u00e9man est une association franco-suisse, de r\u00e9f\u00e9rence scientifique, apolitique, \u00e0 but non lucratif et reconnue d\u2019utilit\u00e9 publique. Elle compte actuellement quelque 4\u2019000 membres et b\u00e9n\u00e9voles. L\u2019ASL a \u00e9t\u00e9 cr\u00e9\u00e9e en 1980 pour sauvegarder la qualit\u00e9 des eaux du bassin l\u00e9manique, \u00e0 savoir celle des rivi\u00e8res et du L\u00e9man.<\/p><\/div>\n\t<\/div>\n\t\t\t\t<\/div>\n\t\t\t\t<\/div>\n\t\t\t\t<div class=\"elementor-element elementor-element-684619c8 elementor-widget elementor-widget-qi_addons_for_elementor_section_title\" data-id=\"684619c8\" data-element_type=\"widget\" data-widget_type=\"qi_addons_for_elementor_section_title.default\">\n\t\t\t\t<div class=\"elementor-widget-container\">\n\t\t\t\t\t<div class=\"qodef-shortcode qodef-m qodef-qi-section-title qodef-decoration--italic qodef-link--underline-draw qodef-subtitle-icon--left\">\n\t\t\t\t\t\t<h2 class=\"qodef-m-title\">\n\t\tNature du projet\t<\/h2>\n\t\t\t<div class=\"qodef-m-text\"><p>Contribution aux actions de terrain et de sensibilisation contre la pollution sauvage li\u00e9e aux d\u00e9chets aux abords et dans le lac L\u00e9man s'agissant de la 11\u1d49 \u00e9dition du Grand Nettoyage du Lac les 21 et 22 mai 2022 et des actions de nettoyage pour les \u00e9coles, associations et entreprises.<\/p><\/div>\n\t<\/div>\n\t\t\t\t<\/div>\n\t\t\t\t<\/div>\n\t\t\t\t<div class=\"elementor-element elementor-element-5a9ee6fb elementor-widget elementor-widget-qi_addons_for_elementor_section_title\" data-id=\"5a9ee6fb\" data-element_type=\"widget\" data-widget_type=\"qi_addons_for_elementor_section_title.default\">\n\t\t\t\t<div class=\"elementor-widget-container\">\n\t\t\t\t\t<div class=\"qodef-shortcode qodef-m qodef-qi-section-title qodef-decoration--italic qodef-link--underline-draw qodef-subtitle-icon--left\">\n\t\t\t\t\t\t<h2 class=\"qodef-m-title\">\n\t\tDescription\t<\/h2>\n\t\t\t<div class=\"qodef-m-text\"><div class=\"ewa-rteLine\"><p>Gr\u00e2ce \u00e0 la participation de volontaires en surface et de plongeurs-ses subaquatiques, \u00e0 chaque \u00e9dition entre 5 et 10 tonnes de d\u00e9chets sont r\u00e9cup\u00e9r\u00e9s avant d\u2019\u00eatre tri\u00e9s et pour certains, recycl\u00e9s. Berges, ports, d\u00e9barcad\u00e8res, quais, plages et tous les lieux les plus fr\u00e9quent\u00e9s durant l\u2019ann\u00e9e sont pass\u00e9s au peigne fin car les d\u00e9chets ne connaissent aucune fronti\u00e8re.<\/p><p><em><strong>Cette action de nettoyage des rives et des fonds du L\u00e9man est d\u00e9clin\u00e9e dans une quinzaine de secteurs sur tout le pourtour du L\u00e9man. Elle r\u00e9unit le m\u00eame week-end des b\u00e9n\u00e9voles de tous \u00e2ges et horizons, plongeurs certifi\u00e9s, paddlers, navigateurs et autres acteurs lacustres, dans le but de pr\u00e9server la beaut\u00e9 et la sant\u00e9 du L\u00e9man.<\/strong><\/em><\/p><\/div><div>\u00a0<\/div><\/div>\n\t<\/div>\n\t\t\t\t<\/div>\n\t\t\t\t<\/div>\n\t\t\t\t<div class=\"elementor-element elementor-element-1b3a3c85 elementor-widget elementor-widget-qi_addons_for_elementor_section_title\" data-id=\"1b3a3c85\" data-element_type=\"widget\" data-widget_type=\"qi_addons_for_elementor_section_title.default\">\n\t\t\t\t<div class=\"elementor-widget-container\">\n\t\t\t\t\t<div class=\"qodef-shortcode qodef-m qodef-qi-section-title qodef-decoration--italic qodef-link--underline-draw qodef-subtitle-icon--left\">\n\t\t\t\t\t\t<h2 class=\"qodef-m-title\">\n\t\tSite Internet \t<\/h2>\n\t\t\t<div class=\"qodef-m-text\"><p>www.<a href=\"https:\/\/asleman.org\/asl\/\">asleman.org<\/a><\/p><\/div>\n\t<\/div>\n\t\t\t\t<\/div>\n\t\t\t\t<\/div>\n\t\t\t\t<div class=\"elementor-element elementor-element-743ba78 elementor-widget elementor-widget-qi_addons_for_elementor_image_gallery\" data-id=\"743ba78\" data-element_type=\"widget\" data-widget_type=\"qi_addons_for_elementor_image_gallery.default\">\n\t\t\t\t<div class=\"elementor-widget-container\">\n\t\t\t\t\t<div class=\"qodef-shortcode qodef-m qodef-qi-image-gallery qodef-qi-grid qodef-layout--qi-columns qodef-col-num--4 qodef-responsive--predefined\">\n\t<div class=\"qodef-grid-inner\">\n\t\t<div class=\"qodef-e qodef-image-wrapper qodef-grid-item\">\n\t<div class=\"qodef-e-inner\">\n\t\t\t\t\t<img fetchpriority=\"high\" decoding=\"async\" width=\"2632\" height=\"1408\" src=\"https:\/\/carigest.ch\/wp-content\/uploads\/2023\/04\/F_SDG_logo_without_UN_emblem_Square_WEB.png\" class=\"attachment-full size-full\" alt=\"\" srcset=\"https:\/\/carigest.ch\/wp-content\/uploads\/2023\/04\/F_SDG_logo_without_UN_emblem_Square_WEB.png 2632w, https:\/\/carigest.ch\/wp-content\/uploads\/2023\/04\/F_SDG_logo_without_UN_emblem_Square_WEB-300x160.png 300w, https:\/\/carigest.ch\/wp-content\/uploads\/2023\/04\/F_SDG_logo_without_UN_emblem_Square_WEB-1024x548.png 1024w, https:\/\/carigest.ch\/wp-content\/uploads\/2023\/04\/F_SDG_logo_without_UN_emblem_Square_WEB-768x411.png 768w, https:\/\/carigest.ch\/wp-content\/uploads\/2023\/04\/F_SDG_logo_without_UN_emblem_Square_WEB-1536x822.png 1536w, https:\/\/carigest.ch\/wp-content\/uploads\/2023\/04\/F_SDG_logo_without_UN_emblem_Square_WEB-2048x1096.png 2048w\" sizes=\"(max-width: 2632px) 100vw, 2632px\" \/>\t\t\t<\/div>\n<\/div>\n<div class=\"qodef-e qodef-image-wrapper qodef-grid-item\">\n\t<div class=\"qodef-e-inner\">\n\t\t\t\t\t<img decoding=\"async\" width=\"1500\" height=\"1500\" src=\"https:\/\/carigest.ch\/wp-content\/uploads\/2023\/04\/Education-de-qualite.png\" class=\"attachment-full size-full\" alt=\"\" srcset=\"https:\/\/carigest.ch\/wp-content\/uploads\/2023\/04\/Education-de-qualite.png 1500w, https:\/\/carigest.ch\/wp-content\/uploads\/2023\/04\/Education-de-qualite-300x300.png 300w, https:\/\/carigest.ch\/wp-content\/uploads\/2023\/04\/Education-de-qualite-1024x1024.png 1024w, https:\/\/carigest.ch\/wp-content\/uploads\/2023\/04\/Education-de-qualite-150x150.png 150w, https:\/\/carigest.ch\/wp-content\/uploads\/2023\/04\/Education-de-qualite-768x768.png 768w, https:\/\/carigest.ch\/wp-content\/uploads\/2023\/04\/Education-de-qualite-650x650.png 650w, https:\/\/carigest.ch\/wp-content\/uploads\/2023\/04\/Education-de-qualite-1300x1300.png 1300w\" sizes=\"(max-width: 1500px) 100vw, 1500px\" \/>\t\t\t<\/div>\n<\/div>\n<div class=\"qodef-e qodef-image-wrapper qodef-grid-item\">\n\t<div class=\"qodef-e-inner\">\n\t\t\t\t\t<img decoding=\"async\" width=\"1500\" height=\"1500\" src=\"https:\/\/carigest.ch\/wp-content\/uploads\/2023\/04\/Eau-propre-et-assainissement.png\" class=\"attachment-full size-full\" alt=\"\" srcset=\"https:\/\/carigest.ch\/wp-content\/uploads\/2023\/04\/Eau-propre-et-assainissement.png 1500w, https:\/\/carigest.ch\/wp-content\/uploads\/2023\/04\/Eau-propre-et-assainissement-300x300.png 300w, https:\/\/carigest.ch\/wp-content\/uploads\/2023\/04\/Eau-propre-et-assainissement-1024x1024.png 1024w, https:\/\/carigest.ch\/wp-content\/uploads\/2023\/04\/Eau-propre-et-assainissement-150x150.png 150w, https:\/\/carigest.ch\/wp-content\/uploads\/2023\/04\/Eau-propre-et-assainissement-768x768.png 768w, https:\/\/carigest.ch\/wp-content\/uploads\/2023\/04\/Eau-propre-et-assainissement-650x650.png 650w, https:\/\/carigest.ch\/wp-content\/uploads\/2023\/04\/Eau-propre-et-assainissement-1300x1300.png 1300w\" sizes=\"(max-width: 1500px) 100vw, 1500px\" \/>\t\t\t<\/div>\n<\/div>\n<div class=\"qodef-e qodef-image-wrapper qodef-grid-item\">\n\t<div class=\"qodef-e-inner\">\n\t\t\t\t\t<img loading=\"lazy\" decoding=\"async\" width=\"1500\" height=\"1500\" src=\"https:\/\/carigest.ch\/wp-content\/uploads\/2023\/04\/Vie-aquatique.png\" class=\"attachment-full size-full\" alt=\"\" srcset=\"https:\/\/carigest.ch\/wp-content\/uploads\/2023\/04\/Vie-aquatique.png 1500w, https:\/\/carigest.ch\/wp-content\/uploads\/2023\/04\/Vie-aquatique-300x300.png 300w, https:\/\/carigest.ch\/wp-content\/uploads\/2023\/04\/Vie-aquatique-1024x1024.png 1024w, https:\/\/carigest.ch\/wp-content\/uploads\/2023\/04\/Vie-aquatique-150x150.png 150w, https:\/\/carigest.ch\/wp-content\/uploads\/2023\/04\/Vie-aquatique-768x768.png 768w, https:\/\/carigest.ch\/wp-content\/uploads\/2023\/04\/Vie-aquatique-650x650.png 650w, https:\/\/carigest.ch\/wp-content\/uploads\/2023\/04\/Vie-aquatique-1300x1300.png 1300w\" sizes=\"(max-width: 1500px) 100vw, 1500px\" \/>\t\t\t<\/div>\n<\/div>\n\t<\/div>\n<\/div>\n\t\t\t\t<\/div>\n\t\t\t\t<\/div>\n\t\t\t\t<div class=\"elementor-element elementor-element-3db52ea elementor-widget elementor-widget-qi_addons_for_elementor_section_title\" data-id=\"3db52ea\" data-element_type=\"widget\" data-widget_type=\"qi_addons_for_elementor_section_title.default\">\n\t\t\t\t<div class=\"elementor-widget-container\">\n\t\t\t\t\t<div class=\"qodef-shortcode qodef-m qodef-qi-section-title qodef-decoration--italic qodef-link--underline-draw qodef-subtitle-icon--left\">\n\t\t\t\t\t\t\t\t<div class=\"qodef-m-text\"><p><em><strong>Les 17 objectifs de d\u00e9veloppement<\/strong> <strong>durable<\/strong> tels que <strong>d\u00e9finis par les Nations Unies<\/strong> nous donnent la marche \u00e0 suivre pour parvenir \u00e0 un avenir meilleur et plus durable pour tous. Ils r\u00e9pondent aux d\u00e9fis mondiaux auxquels nous sommes confront\u00e9s, notamment ceux li\u00e9s \u00e0 la pauvret\u00e9, aux in\u00e9galit\u00e9s, au climat, \u00e0 la d\u00e9gradation de l\u2019environnement, \u00e0 la prosp\u00e9rit\u00e9, \u00e0 la paix et \u00e0 la justice. Les objectifs sont interconnect\u00e9s et, pour ne laisser personne de c\u00f4t\u00e9, <strong>il est important d\u2019atteindre chacun d\u2019entre eux<\/strong>, et chacune de leurs cibles,<strong> d\u2019ici \u00e0 2030<\/strong>.<\/em><\/p><\/div>\n\t<\/div>\n\t\t\t\t<\/div>\n\t\t\t\t<\/div>\n\t\t\t\t\t<\/div>\n\t\t<\/div>\n\t\t\t\t<div class=\"elementor-column elementor-col-33 elementor-top-column elementor-element elementor-element-4f5c06e8 qodef-sticky-column--no\" data-id=\"4f5c06e8\" data-element_type=\"column\">\n\t\t\t<div class=\"elementor-widget-wrap elementor-element-populated\">\n\t\t\t\t\t\t<div class=\"elementor-element elementor-element-43a4a566 elementor-widget-mobile__width-initial elementor-widget-tablet__width-auto elementor-widget elementor-widget-image\" data-id=\"43a4a566\" data-element_type=\"widget\" data-widget_type=\"image.default\">\n\t\t\t\t<div class=\"elementor-widget-container\">\n\t\t\t\t\t\t\t\t\t\t\t\t\t\t\t<img loading=\"lazy\" decoding=\"async\" width=\"1800\" height=\"1200\" src=\"https:\/\/carigest.ch\/wp-content\/uploads\/2023\/07\/ASL-3.jpg\" class=\"attachment-full size-full wp-image-11472\" alt=\"\" srcset=\"https:\/\/carigest.ch\/wp-content\/uploads\/2023\/07\/ASL-3.jpg 1800w, https:\/\/carigest.ch\/wp-content\/uploads\/2023\/07\/ASL-3-300x200.jpg 300w, https:\/\/carigest.ch\/wp-content\/uploads\/2023\/07\/ASL-3-1024x683.jpg 1024w, https:\/\/carigest.ch\/wp-content\/uploads\/2023\/07\/ASL-3-768x512.jpg 768w, https:\/\/carigest.ch\/wp-content\/uploads\/2023\/07\/ASL-3-1536x1024.jpg 1536w\" sizes=\"(max-width: 1800px) 100vw, 1800px\" \/>\t\t\t\t\t\t\t\t\t\t\t\t\t\t\t<\/div>\n\t\t\t\t<\/div>\n\t\t\t\t<div class=\"elementor-element elementor-element-8109bbb elementor-widget-mobile__width-initial elementor-widget-tablet__width-auto elementor-widget elementor-widget-image\" data-id=\"8109bbb\" data-element_type=\"widget\" data-widget_type=\"image.default\">\n\t\t\t\t<div class=\"elementor-widget-container\">\n\t\t\t\t\t\t\t\t\t\t\t\t\t\t\t<img loading=\"lazy\" decoding=\"async\" width=\"1800\" height=\"1200\" src=\"https:\/\/carigest.ch\/wp-content\/uploads\/2023\/07\/ASL-4.jpg\" class=\"attachment-full size-full wp-image-11475\" alt=\"\" srcset=\"https:\/\/carigest.ch\/wp-content\/uploads\/2023\/07\/ASL-4.jpg 1800w, https:\/\/carigest.ch\/wp-content\/uploads\/2023\/07\/ASL-4-300x200.jpg 300w, https:\/\/carigest.ch\/wp-content\/uploads\/2023\/07\/ASL-4-1024x683.jpg 1024w, https:\/\/carigest.ch\/wp-content\/uploads\/2023\/07\/ASL-4-768x512.jpg 768w, https:\/\/carigest.ch\/wp-content\/uploads\/2023\/07\/ASL-4-1536x1024.jpg 1536w\" sizes=\"(max-width: 1800px) 100vw, 1800px\" \/>\t\t\t\t\t\t\t\t\t\t\t\t\t\t\t<\/div>\n\t\t\t\t<\/div>\n\t\t\t\t<div class=\"elementor-element elementor-element-e7d2639 elementor-widget-mobile__width-initial elementor-widget-tablet__width-auto elementor-widget elementor-widget-image\" data-id=\"e7d2639\" data-element_type=\"widget\" data-widget_type=\"image.default\">\n\t\t\t\t<div class=\"elementor-widget-container\">\n\t\t\t\t\t\t\t\t\t\t\t\t\t\t\t<img loading=\"lazy\" decoding=\"async\" width=\"300\" height=\"109\" src=\"https:\/\/carigest.ch\/wp-content\/uploads\/2023\/07\/ASL-1-300x109.png\" class=\"attachment-medium size-medium wp-image-11466\" alt=\"\" srcset=\"https:\/\/carigest.ch\/wp-content\/uploads\/2023\/07\/ASL-1-300x109.png 300w, https:\/\/carigest.ch\/wp-content\/uploads\/2023\/07\/ASL-1-768x279.png 768w, https:\/\/carigest.ch\/wp-content\/uploads\/2023\/07\/ASL-1.png 1024w\" sizes=\"(max-width: 300px) 100vw, 300px\" \/>\t\t\t\t\t\t\t\t\t\t\t\t\t\t\t<\/div>\n\t\t\t\t<\/div>\n\t\t\t\t<div class=\"elementor-element elementor-element-4d5cbbc elementor-widget-mobile__width-initial elementor-widget-tablet__width-auto elementor-widget elementor-widget-image\" data-id=\"4d5cbbc\" data-element_type=\"widget\" data-widget_type=\"image.default\">\n\t\t\t\t<div class=\"elementor-widget-container\">\n\t\t\t\t\t\t\t\t\t\t\t\t\t\t\t<img loading=\"lazy\" decoding=\"async\" width=\"300\" height=\"132\" src=\"https:\/\/carigest.ch\/wp-content\/uploads\/2023\/07\/Netleman-300x132.png\" class=\"attachment-medium size-medium wp-image-11469\" alt=\"\" srcset=\"https:\/\/carigest.ch\/wp-content\/uploads\/2023\/07\/Netleman-300x132.png 300w, https:\/\/carigest.ch\/wp-content\/uploads\/2023\/07\/Netleman.png 501w\" sizes=\"(max-width: 300px) 100vw, 300px\" \/>\t\t\t\t\t\t\t\t\t\t\t\t\t\t\t<\/div>\n\t\t\t\t<\/div>\n\t\t\t\t\t<\/div>\n\t\t<\/div>\n\t\t\t\t<div class=\"elementor-column elementor-col-33 elementor-top-column elementor-element elementor-element-c15e3f0 qodef-sticky-column--no\" data-id=\"c15e3f0\" data-element_type=\"column\">\n\t\t\t<div class=\"elementor-widget-wrap elementor-element-populated\">\n\t\t\t\t\t\t<div class=\"elementor-element elementor-element-fa54935 elementor-widget-mobile__width-initial elementor-widget-tablet__width-auto elementor-widget elementor-widget-image\" data-id=\"fa54935\" data-element_type=\"widget\" data-widget_type=\"image.default\">\n\t\t\t\t<div class=\"elementor-widget-container\">\n\t\t\t\t\t\t\t\t\t\t\t\t\t\t\t<img decoding=\"async\" src=\"https:\/\/carigest.ch\/wp-content\/uploads\/2023\/07\/Compte_rendu_NetLeman_2022-1.jpg\" title=\"\" alt=\"\" loading=\"lazy\" \/>\t\t\t\t\t\t\t\t\t\t\t\t\t\t\t<\/div>\n\t\t\t\t<\/div>\n\t\t\t\t\t<\/div>\n\t\t<\/div>\n\t\t\t\t\t<\/div>\n\t\t<\/section>\n\t\t\t\t<section class=\"elementor-section elementor-top-section elementor-element elementor-element-60bd14cc elementor-section-boxed elementor-section-height-default elementor-section-height-default qodef-elementor-content-no\" data-id=\"60bd14cc\" data-element_type=\"section\" data-settings=\"{&quot;background_background&quot;:&quot;classic&quot;}\">\n\t\t\t\t\t\t<div class=\"elementor-container elementor-column-gap-default\">\n\t\t\t\t\t<div class=\"elementor-column elementor-col-100 elementor-top-column elementor-element elementor-element-5b5e92d7 qodef-sticky-column--no\" data-id=\"5b5e92d7\" data-element_type=\"column\">\n\t\t\t<div class=\"elementor-widget-wrap elementor-element-populated\">\n\t\t\t\t\t\t<div class=\"elementor-element elementor-element-3e9fce7 elementor-widget__width-auto elementor-widget elementor-widget-global elementor-global-10711 elementor-global-7830 elementor-widget-qi_addons_for_elementor_button\" data-id=\"3e9fce7\" data-element_type=\"widget\" data-widget_type=\"qi_addons_for_elementor_button.default\">\n\t\t\t\t<div class=\"elementor-widget-container\">\n\t\t\t\t\t<a class=\"qodef-shortcode qodef-m qodef-qi-button qodef-html--link qodef-layout--textual qodef-icon--right qodef-hover--icon-move-horizontal-short qodef-text-underline qodef-underline--left\" href=\"\/demandes\/#submit-project\" target=\"_self\">\n\t<span class=\"qodef-m-text\">Reichen Sie Ihr Projekt ein<\/span>\n\t<\/a>\n\t\t\t\t<\/div>\n\t\t\t\t<\/div>\n\t\t\t\t\t<\/div>\n\t\t<\/div>\n\t\t\t\t\t<\/div>\n\t\t<\/section>\n\t\t\t\t<\/div>\n\t\t","protected":false},"excerpt":{"rendered":"<p>Contribution aux actions de terrain et de sensibilisation contre la pollution sauvage li\u00e9e aux d\u00e9chets aux abords et dans le lac L\u00e9man s&#8217;agissant de la 11\u1d49 \u00e9dition du Grand Nettoyage du Lac les 21 et 22 mai 2022 et des actions de nettoyage pour les \u00e9coles, associations et entreprises.<\/p>\n","protected":false},"author":8,"featured_media":11465,"menu_order":7,"template":"elementor_theme","portfolio-category":[51],"portfolio-tag":[],"class_list":["post-11516","portfolio-item","type-portfolio-item","status-publish","has-post-thumbnail","hentry","years-78","portfolio-category-zweck-5"],"yoast_head":"<!-- This site is optimized with the Yoast SEO plugin v24.6 - https:\/\/yoast.com\/wordpress\/plugins\/seo\/ -->\n<title>Association pour la Sauvegarde du L\u00e9man - Carigest SA<\/title>\n<meta name=\"robots\" content=\"index, follow, max-snippet:-1, max-image-preview:large, max-video-preview:-1\" \/>\n<link rel=\"canonical\" href=\"https:\/\/carigest.ch\/de\/portfolio-item\/la-fondation-de-la-maison-de-la-riviere\/\" \/>\n<meta property=\"og:locale\" content=\"de_DE\" \/>\n<meta property=\"og:type\" content=\"article\" \/>\n<meta property=\"og:title\" content=\"Association pour la Sauvegarde du L\u00e9man - Carigest SA\" \/>\n<meta property=\"og:description\" content=\"Contribution aux actions de terrain et de sensibilisation contre la pollution sauvage li\u00e9e aux d\u00e9chets aux abords et dans le lac L\u00e9man s&#039;agissant de la 11\u1d49 \u00e9dition du Grand Nettoyage du Lac les 21 et 22 mai 2022 et des actions de nettoyage pour les \u00e9coles, associations et entreprises.\" \/>\n<meta property=\"og:url\" content=\"https:\/\/carigest.ch\/de\/portfolio-item\/la-fondation-de-la-maison-de-la-riviere\/\" \/>\n<meta property=\"og:site_name\" content=\"Carigest SA\" \/>\n<meta property=\"article:modified_time\" content=\"2024-05-02T19:29:50+00:00\" \/>\n<meta property=\"og:image\" content=\"https:\/\/carigest.ch\/wp-content\/uploads\/2023\/07\/ASL-2.jpeg\" \/>\n\t<meta property=\"og:image:width\" content=\"1024\" \/>\n\t<meta property=\"og:image:height\" content=\"683\" \/>\n\t<meta property=\"og:image:type\" content=\"image\/jpeg\" \/>\n<meta name=\"twitter:card\" content=\"summary_large_image\" \/>\n<script type=\"application\/ld+json\" class=\"yoast-schema-graph\">{\"@context\":\"https:\/\/schema.org\",\"@graph\":[{\"@type\":\"WebPage\",\"@id\":\"https:\/\/carigest.ch\/de\/portfolio-item\/la-fondation-de-la-maison-de-la-riviere\/\",\"url\":\"https:\/\/carigest.ch\/de\/portfolio-item\/la-fondation-de-la-maison-de-la-riviere\/\",\"name\":\"Association pour la Sauvegarde du L\u00e9man - Carigest SA\",\"isPartOf\":{\"@id\":\"https:\/\/carigest.ch\/de\/#website\"},\"primaryImageOfPage\":{\"@id\":\"https:\/\/carigest.ch\/de\/portfolio-item\/la-fondation-de-la-maison-de-la-riviere\/#primaryimage\"},\"image\":{\"@id\":\"https:\/\/carigest.ch\/de\/portfolio-item\/la-fondation-de-la-maison-de-la-riviere\/#primaryimage\"},\"thumbnailUrl\":\"https:\/\/carigest.ch\/wp-content\/uploads\/2023\/07\/ASL-2.jpeg\",\"datePublished\":\"2023-07-27T13:56:27+00:00\",\"dateModified\":\"2024-05-02T19:29:50+00:00\",\"breadcrumb\":{\"@id\":\"https:\/\/carigest.ch\/de\/portfolio-item\/la-fondation-de-la-maison-de-la-riviere\/#breadcrumb\"},\"inLanguage\":\"de\",\"potentialAction\":[{\"@type\":\"ReadAction\",\"target\":[\"https:\/\/carigest.ch\/de\/portfolio-item\/la-fondation-de-la-maison-de-la-riviere\/\"]}]},{\"@type\":\"ImageObject\",\"inLanguage\":\"de\",\"@id\":\"https:\/\/carigest.ch\/de\/portfolio-item\/la-fondation-de-la-maison-de-la-riviere\/#primaryimage\",\"url\":\"https:\/\/carigest.ch\/wp-content\/uploads\/2023\/07\/ASL-2.jpeg\",\"contentUrl\":\"https:\/\/carigest.ch\/wp-content\/uploads\/2023\/07\/ASL-2.jpeg\",\"width\":1024,\"height\":683},{\"@type\":\"BreadcrumbList\",\"@id\":\"https:\/\/carigest.ch\/de\/portfolio-item\/la-fondation-de-la-maison-de-la-riviere\/#breadcrumb\",\"itemListElement\":[{\"@type\":\"ListItem\",\"position\":1,\"name\":\"Home\",\"item\":\"https:\/\/carigest.ch\/de\/startseite\/\"},{\"@type\":\"ListItem\",\"position\":2,\"name\":\"Qode Portfolio\",\"item\":\"https:\/\/carigest.ch\/de\/portfolio-item\/\"},{\"@type\":\"ListItem\",\"position\":3,\"name\":\"Association pour la Sauvegarde du L\u00e9man\"}]},{\"@type\":\"WebSite\",\"@id\":\"https:\/\/carigest.ch\/de\/#website\",\"url\":\"https:\/\/carigest.ch\/de\/\",\"name\":\"Carigest SA\",\"description\":\"Beratung, Verwaltung, Begleitung\",\"publisher\":{\"@id\":\"https:\/\/carigest.ch\/de\/#organization\"},\"potentialAction\":[{\"@type\":\"SearchAction\",\"target\":{\"@type\":\"EntryPoint\",\"urlTemplate\":\"https:\/\/carigest.ch\/de\/?s={search_term_string}\"},\"query-input\":{\"@type\":\"PropertyValueSpecification\",\"valueRequired\":true,\"valueName\":\"search_term_string\"}}],\"inLanguage\":\"de\"},{\"@type\":\"Organization\",\"@id\":\"https:\/\/carigest.ch\/de\/#organization\",\"name\":\"Carigest SA\",\"url\":\"https:\/\/carigest.ch\/de\/\",\"logo\":{\"@type\":\"ImageObject\",\"inLanguage\":\"de\",\"@id\":\"https:\/\/carigest.ch\/de\/#\/schema\/logo\/image\/\",\"url\":\"\",\"contentUrl\":\"\",\"caption\":\"Carigest SA\"},\"image\":{\"@id\":\"https:\/\/carigest.ch\/de\/#\/schema\/logo\/image\/\"},\"sameAs\":[\"https:\/\/www.linkedin.com\/company\/carigest-sa\/\"]}]}<\/script>\n<!-- \/ Yoast SEO plugin. -->","yoast_head_json":{"title":"Association pour la Sauvegarde du L\u00e9man - Carigest SA","robots":{"index":"index","follow":"follow","max-snippet":"max-snippet:-1","max-image-preview":"max-image-preview:large","max-video-preview":"max-video-preview:-1"},"canonical":"https:\/\/carigest.ch\/de\/portfolio-item\/la-fondation-de-la-maison-de-la-riviere\/","og_locale":"de_DE","og_type":"article","og_title":"Association pour la Sauvegarde du L\u00e9man - Carigest SA","og_description":"Contribution aux actions de terrain et de sensibilisation contre la pollution sauvage li\u00e9e aux d\u00e9chets aux abords et dans le lac L\u00e9man s'agissant de la 11\u1d49 \u00e9dition du Grand Nettoyage du Lac les 21 et 22 mai 2022 et des actions de nettoyage pour les \u00e9coles, associations et entreprises.","og_url":"https:\/\/carigest.ch\/de\/portfolio-item\/la-fondation-de-la-maison-de-la-riviere\/","og_site_name":"Carigest SA","article_modified_time":"2024-05-02T19:29:50+00:00","og_image":[{"width":1024,"height":683,"url":"https:\/\/carigest.ch\/wp-content\/uploads\/2023\/07\/ASL-2.jpeg","type":"image\/jpeg"}],"twitter_card":"summary_large_image","schema":{"@context":"https:\/\/schema.org","@graph":[{"@type":"WebPage","@id":"https:\/\/carigest.ch\/de\/portfolio-item\/la-fondation-de-la-maison-de-la-riviere\/","url":"https:\/\/carigest.ch\/de\/portfolio-item\/la-fondation-de-la-maison-de-la-riviere\/","name":"Association pour la Sauvegarde du L\u00e9man - Carigest SA","isPartOf":{"@id":"https:\/\/carigest.ch\/de\/#website"},"primaryImageOfPage":{"@id":"https:\/\/carigest.ch\/de\/portfolio-item\/la-fondation-de-la-maison-de-la-riviere\/#primaryimage"},"image":{"@id":"https:\/\/carigest.ch\/de\/portfolio-item\/la-fondation-de-la-maison-de-la-riviere\/#primaryimage"},"thumbnailUrl":"https:\/\/carigest.ch\/wp-content\/uploads\/2023\/07\/ASL-2.jpeg","datePublished":"2023-07-27T13:56:27+00:00","dateModified":"2024-05-02T19:29:50+00:00","breadcrumb":{"@id":"https:\/\/carigest.ch\/de\/portfolio-item\/la-fondation-de-la-maison-de-la-riviere\/#breadcrumb"},"inLanguage":"de","potentialAction":[{"@type":"ReadAction","target":["https:\/\/carigest.ch\/de\/portfolio-item\/la-fondation-de-la-maison-de-la-riviere\/"]}]},{"@type":"ImageObject","inLanguage":"de","@id":"https:\/\/carigest.ch\/de\/portfolio-item\/la-fondation-de-la-maison-de-la-riviere\/#primaryimage","url":"https:\/\/carigest.ch\/wp-content\/uploads\/2023\/07\/ASL-2.jpeg","contentUrl":"https:\/\/carigest.ch\/wp-content\/uploads\/2023\/07\/ASL-2.jpeg","width":1024,"height":683},{"@type":"BreadcrumbList","@id":"https:\/\/carigest.ch\/de\/portfolio-item\/la-fondation-de-la-maison-de-la-riviere\/#breadcrumb","itemListElement":[{"@type":"ListItem","position":1,"name":"Home","item":"https:\/\/carigest.ch\/de\/startseite\/"},{"@type":"ListItem","position":2,"name":"Qode Portfolio","item":"https:\/\/carigest.ch\/de\/portfolio-item\/"},{"@type":"ListItem","position":3,"name":"Association pour la Sauvegarde du L\u00e9man"}]},{"@type":"WebSite","@id":"https:\/\/carigest.ch\/de\/#website","url":"https:\/\/carigest.ch\/de\/","name":"Carigest SA","description":"Beratung, Verwaltung, Begleitung","publisher":{"@id":"https:\/\/carigest.ch\/de\/#organization"},"potentialAction":[{"@type":"SearchAction","target":{"@type":"EntryPoint","urlTemplate":"https:\/\/carigest.ch\/de\/?s={search_term_string}"},"query-input":{"@type":"PropertyValueSpecification","valueRequired":true,"valueName":"search_term_string"}}],"inLanguage":"de"},{"@type":"Organization","@id":"https:\/\/carigest.ch\/de\/#organization","name":"Carigest SA","url":"https:\/\/carigest.ch\/de\/","logo":{"@type":"ImageObject","inLanguage":"de","@id":"https:\/\/carigest.ch\/de\/#\/schema\/logo\/image\/","url":"","contentUrl":"","caption":"Carigest SA"},"image":{"@id":"https:\/\/carigest.ch\/de\/#\/schema\/logo\/image\/"},"sameAs":["https:\/\/www.linkedin.com\/company\/carigest-sa\/"]}]}},"_links":{"self":[{"href":"https:\/\/carigest.ch\/de\/wp-json\/wp\/v2\/portfolio-item\/11516","targetHints":{"allow":["GET"]}}],"collection":[{"href":"https:\/\/carigest.ch\/de\/wp-json\/wp\/v2\/portfolio-item"}],"about":[{"href":"https:\/\/carigest.ch\/de\/wp-json\/wp\/v2\/types\/portfolio-item"}],"author":[{"embeddable":true,"href":"https:\/\/carigest.ch\/de\/wp-json\/wp\/v2\/users\/8"}],"version-history":[{"count":7,"href":"https:\/\/carigest.ch\/de\/wp-json\/wp\/v2\/portfolio-item\/11516\/revisions"}],"predecessor-version":[{"id":12875,"href":"https:\/\/carigest.ch\/de\/wp-json\/wp\/v2\/portfolio-item\/11516\/revisions\/12875"}],"wp:featuredmedia":[{"embeddable":true,"href":"https:\/\/carigest.ch\/de\/wp-json\/wp\/v2\/media\/11465"}],"wp:attachment":[{"href":"https:\/\/carigest.ch\/de\/wp-json\/wp\/v2\/media?parent=11516"}],"wp:term":[{"taxonomy":"portfolio-category","embeddable":true,"href":"https:\/\/carigest.ch\/de\/wp-json\/wp\/v2\/portfolio-category?post=11516"},{"taxonomy":"portfolio-tag","embeddable":true,"href":"https:\/\/carigest.ch\/de\/wp-json\/wp\/v2\/portfolio-tag?post=11516"}],"curies":[{"name":"wp","href":"https:\/\/api.w.org\/{rel}","templated":true}]}}