{"id":11512,"date":"2023-07-25T14:35:56","date_gmt":"2023-07-25T12:35:56","guid":{"rendered":"https:\/\/bfqhbmyrq.preview.infomaniak.website\/portfolio-item\/elementor-11290\/"},"modified":"2024-11-19T11:38:13","modified_gmt":"2024-11-19T10:38:13","slug":"le-jardin-dedwig","status":"publish","type":"portfolio-item","link":"https:\/\/carigest.ch\/de\/portfolio-item\/le-jardin-dedwig\/","title":{"rendered":"Le Jardin d&#8217;Edwig"},"content":{"rendered":"\t\t<div data-elementor-type=\"wp-post\" data-elementor-id=\"11512\" class=\"elementor elementor-11512 elementor-11290\" data-elementor-post-type=\"portfolio-item\">\n\t\t\t\t\t\t<section class=\"elementor-section elementor-top-section elementor-element elementor-element-31e82099 qodef-elementor-content-grid elementor-section-boxed elementor-section-height-default elementor-section-height-default\" data-id=\"31e82099\" data-element_type=\"section\" data-settings=\"{&quot;background_background&quot;:&quot;classic&quot;}\">\n\t\t\t\t\t\t<div class=\"elementor-container elementor-column-gap-default\">\n\t\t\t\t\t<div class=\"elementor-column elementor-col-100 elementor-top-column elementor-element elementor-element-9c2ab68 qodef-sticky-column--no\" data-id=\"9c2ab68\" data-element_type=\"column\">\n\t\t\t<div class=\"elementor-widget-wrap elementor-element-populated\">\n\t\t\t\t\t\t<div class=\"elementor-element elementor-element-7f780a1 elementor-widget elementor-widget-spacer\" data-id=\"7f780a1\" data-element_type=\"widget\" data-widget_type=\"spacer.default\">\n\t\t\t\t<div class=\"elementor-widget-container\">\n\t\t\t\t\t\t\t<div class=\"elementor-spacer\">\n\t\t\t<div class=\"elementor-spacer-inner\"><\/div>\n\t\t<\/div>\n\t\t\t\t\t\t<\/div>\n\t\t\t\t<\/div>\n\t\t\t\t\t<\/div>\n\t\t<\/div>\n\t\t\t\t\t<\/div>\n\t\t<\/section>\n\t\t\t\t<section class=\"elementor-section elementor-top-section elementor-element elementor-element-457eec37 elementor-section-boxed elementor-section-height-default elementor-section-height-default qodef-elementor-content-no\" data-id=\"457eec37\" data-element_type=\"section\">\n\t\t\t\t\t\t<div class=\"elementor-container elementor-column-gap-default\">\n\t\t\t\t\t<div class=\"elementor-column elementor-col-33 elementor-top-column elementor-element elementor-element-4211ca16 qodef-sticky-column--no\" data-id=\"4211ca16\" data-element_type=\"column\">\n\t\t\t<div class=\"elementor-widget-wrap elementor-element-populated\">\n\t\t\t\t\t\t<div class=\"elementor-element elementor-element-12e674c6 elementor-widget elementor-widget-qi_addons_for_elementor_section_title\" data-id=\"12e674c6\" data-element_type=\"widget\" data-widget_type=\"qi_addons_for_elementor_section_title.default\">\n\t\t\t\t<div class=\"elementor-widget-container\">\n\t\t\t\t\t<div class=\"qodef-shortcode qodef-m qodef-qi-section-title qodef-decoration--italic qodef-link--underline-draw qodef-subtitle-icon--left\">\n\t\t\t\t\t\t<h1 class=\"qodef-m-title\">\n\t\tLe Jardin d'Edwig\t<\/h1>\n\t\t\t<\/div>\n\t\t\t\t<\/div>\n\t\t\t\t<\/div>\n\t\t\t\t<div class=\"elementor-element elementor-element-6eeba99a elementor-widget elementor-widget-qi_addons_for_elementor_section_title\" data-id=\"6eeba99a\" data-element_type=\"widget\" data-widget_type=\"qi_addons_for_elementor_section_title.default\">\n\t\t\t\t<div class=\"elementor-widget-container\">\n\t\t\t\t\t<div class=\"qodef-shortcode qodef-m qodef-qi-section-title qodef-decoration--italic qodef-link--underline-draw qodef-subtitle-icon--left\">\n\t\t\t\t\t\t<h2 class=\"qodef-m-title\">\n\t\tNature du projet\t<\/h2>\n\t\t\t<div class=\"qodef-m-text\"><p>Soutien financier \u00e0 l\u2019accueil de jour propos\u00e9 par l\u2019association destin\u00e9 aux personnes atteintes de la maladie d'Alzheimer ou autres troubles de la m\u00e9moire, orient\u00e9 sp\u00e9cifiquement sur l'art-th\u00e9rapie.<\/p><\/div>\n\t<\/div>\n\t\t\t\t<\/div>\n\t\t\t\t<\/div>\n\t\t\t\t<div class=\"elementor-element elementor-element-2aad8dbf elementor-widget elementor-widget-qi_addons_for_elementor_section_title\" data-id=\"2aad8dbf\" data-element_type=\"widget\" data-widget_type=\"qi_addons_for_elementor_section_title.default\">\n\t\t\t\t<div class=\"elementor-widget-container\">\n\t\t\t\t\t<div class=\"qodef-shortcode qodef-m qodef-qi-section-title qodef-decoration--italic qodef-link--underline-draw qodef-subtitle-icon--left\">\n\t\t\t\t\t\t<h2 class=\"qodef-m-title\">\n\t\tDescription\t<\/h2>\n\t\t\t<div class=\"qodef-m-text\"><p><em>Le jardin d\u2019Hedwig<\/em> est une association priv\u00e9e \u00e0 but non lucratif cr\u00e9\u00e9e au printemps 2010.<\/p><p>Ce projet a \u00e9t\u00e9 con\u00e7u par Sabine de Clavi\u00e8re, et il est n\u00e9 en hommage \u00e0 sa m\u00e8re, Hedwig, elle-m\u00eame atteinte dans ses facult\u00e9s cognitives. Il a \u00e9t\u00e9 nourri par son parcours personnel et les dix ans d'accompagnement \u00e0 ses c\u00f4t\u00e9s, ainsi que par l\u2019art-th\u00e9rapie qu\u2019elle effectue aupr\u00e8s des personnes \u00e2g\u00e9es.<\/p><p><em>Le jardin d'Hedwig<\/em> participe \u00e0 la politique de maintien \u00e0 domicile en offrant un lieu de stimulation mais aussi d'apaisement pour les personnes qui sont accueillies, et un moment de r\u00e9pit pour les proches aidants.<\/p><\/div>\n\t<\/div>\n\t\t\t\t<\/div>\n\t\t\t\t<\/div>\n\t\t\t\t<div class=\"elementor-element elementor-element-714d4e19 elementor-widget elementor-widget-qi_addons_for_elementor_section_title\" data-id=\"714d4e19\" data-element_type=\"widget\" data-widget_type=\"qi_addons_for_elementor_section_title.default\">\n\t\t\t\t<div class=\"elementor-widget-container\">\n\t\t\t\t\t<div class=\"qodef-shortcode qodef-m qodef-qi-section-title qodef-decoration--italic qodef-link--underline-draw qodef-subtitle-icon--left\">\n\t\t\t\t\t\t<h2 class=\"qodef-m-title\">\n\t\tSite Internet \t<\/h2>\n\t\t\t<div class=\"qodef-m-text\"><p><a href=\"http:\/\/www.lejardindhedwig.ch\/\">www.lejardindhedwig.ch<\/a><\/p><p><img fetchpriority=\"high\" decoding=\"async\" class=\"alignnone wp-image-11292 size-medium\" src=\"https:\/\/carigest.ch\/wp-content\/uploads\/2023\/07\/Le-jardin-Hedwig-300x176.png\" alt=\"\" width=\"300\" height=\"176\" srcset=\"https:\/\/carigest.ch\/wp-content\/uploads\/2023\/07\/Le-jardin-Hedwig-300x176.png 300w, https:\/\/carigest.ch\/wp-content\/uploads\/2023\/07\/Le-jardin-Hedwig.png 400w\" sizes=\"(max-width: 300px) 100vw, 300px\" \/><\/p><\/div>\n\t<\/div>\n\t\t\t\t<\/div>\n\t\t\t\t<\/div>\n\t\t\t\t<div class=\"elementor-element elementor-element-6bd71adb elementor-widget elementor-widget-qi_addons_for_elementor_image_gallery\" data-id=\"6bd71adb\" data-element_type=\"widget\" data-widget_type=\"qi_addons_for_elementor_image_gallery.default\">\n\t\t\t\t<div class=\"elementor-widget-container\">\n\t\t\t\t\t<div class=\"qodef-shortcode qodef-m qodef-qi-image-gallery qodef-qi-grid qodef-layout--qi-columns qodef-col-num--4 qodef-responsive--predefined\">\n\t<div class=\"qodef-grid-inner\">\n\t\t<div class=\"qodef-e qodef-image-wrapper qodef-grid-item\">\n\t<div class=\"qodef-e-inner\">\n\t\t\t\t\t<img decoding=\"async\" width=\"2632\" height=\"1408\" src=\"https:\/\/carigest.ch\/wp-content\/uploads\/2023\/04\/F_SDG_logo_without_UN_emblem_Square_WEB.png\" class=\"attachment-full size-full\" alt=\"\" srcset=\"https:\/\/carigest.ch\/wp-content\/uploads\/2023\/04\/F_SDG_logo_without_UN_emblem_Square_WEB.png 2632w, https:\/\/carigest.ch\/wp-content\/uploads\/2023\/04\/F_SDG_logo_without_UN_emblem_Square_WEB-300x160.png 300w, https:\/\/carigest.ch\/wp-content\/uploads\/2023\/04\/F_SDG_logo_without_UN_emblem_Square_WEB-1024x548.png 1024w, https:\/\/carigest.ch\/wp-content\/uploads\/2023\/04\/F_SDG_logo_without_UN_emblem_Square_WEB-768x411.png 768w, https:\/\/carigest.ch\/wp-content\/uploads\/2023\/04\/F_SDG_logo_without_UN_emblem_Square_WEB-1536x822.png 1536w, https:\/\/carigest.ch\/wp-content\/uploads\/2023\/04\/F_SDG_logo_without_UN_emblem_Square_WEB-2048x1096.png 2048w\" sizes=\"(max-width: 2632px) 100vw, 2632px\" \/>\t\t\t<\/div>\n<\/div>\n<div class=\"qodef-e qodef-image-wrapper qodef-grid-item\">\n\t<div class=\"qodef-e-inner\">\n\t\t\t\t\t<img decoding=\"async\" width=\"1500\" height=\"1500\" src=\"https:\/\/carigest.ch\/wp-content\/uploads\/2023\/02\/E-WEB-Goal-03.png\" class=\"attachment-full size-full\" alt=\"\" srcset=\"https:\/\/carigest.ch\/wp-content\/uploads\/2023\/02\/E-WEB-Goal-03.png 1500w, https:\/\/carigest.ch\/wp-content\/uploads\/2023\/02\/E-WEB-Goal-03-300x300.png 300w, https:\/\/carigest.ch\/wp-content\/uploads\/2023\/02\/E-WEB-Goal-03-1024x1024.png 1024w, https:\/\/carigest.ch\/wp-content\/uploads\/2023\/02\/E-WEB-Goal-03-150x150.png 150w, https:\/\/carigest.ch\/wp-content\/uploads\/2023\/02\/E-WEB-Goal-03-768x768.png 768w, https:\/\/carigest.ch\/wp-content\/uploads\/2023\/02\/E-WEB-Goal-03-650x650.png 650w, https:\/\/carigest.ch\/wp-content\/uploads\/2023\/02\/E-WEB-Goal-03-1300x1300.png 1300w\" sizes=\"(max-width: 1500px) 100vw, 1500px\" \/>\t\t\t<\/div>\n<\/div>\n\t<\/div>\n<\/div>\n\t\t\t\t<\/div>\n\t\t\t\t<\/div>\n\t\t\t\t<div class=\"elementor-element elementor-element-551fa542 elementor-widget elementor-widget-qi_addons_for_elementor_section_title\" data-id=\"551fa542\" data-element_type=\"widget\" data-widget_type=\"qi_addons_for_elementor_section_title.default\">\n\t\t\t\t<div class=\"elementor-widget-container\">\n\t\t\t\t\t<div class=\"qodef-shortcode qodef-m qodef-qi-section-title qodef-decoration--italic qodef-link--underline-draw qodef-subtitle-icon--left\">\n\t\t\t\t\t\t\t\t<div class=\"qodef-m-text\"><p><em><strong>Les 17 objectifs de d\u00e9veloppement<\/strong> <strong>durable<\/strong> tels que <strong>d\u00e9finis par les Nations Unies<\/strong> nous donnent la marche \u00e0 suivre pour parvenir \u00e0 un avenir meilleur et plus durable pour tous. Ils r\u00e9pondent aux d\u00e9fis mondiaux auxquels nous sommes confront\u00e9s, notamment ceux li\u00e9s \u00e0 la pauvret\u00e9, aux in\u00e9galit\u00e9s, au climat, \u00e0 la d\u00e9gradation de l\u2019environnement, \u00e0 la prosp\u00e9rit\u00e9, \u00e0 la paix et \u00e0 la justice. Les objectifs sont interconnect\u00e9s et, pour ne laisser personne de c\u00f4t\u00e9, <strong>il est important d\u2019atteindre chacun d\u2019entre eux<\/strong>, et chacune de leurs cibles,<strong> d\u2019ici \u00e0 2030<\/strong>.<\/em><\/p><\/div>\n\t<\/div>\n\t\t\t\t<\/div>\n\t\t\t\t<\/div>\n\t\t\t\t\t<\/div>\n\t\t<\/div>\n\t\t\t\t<div class=\"elementor-column elementor-col-33 elementor-top-column elementor-element elementor-element-72521889 qodef-sticky-column--no\" data-id=\"72521889\" data-element_type=\"column\">\n\t\t\t<div class=\"elementor-widget-wrap elementor-element-populated\">\n\t\t\t\t\t\t<div class=\"elementor-element elementor-element-2658cb80 elementor-widget__width-auto elementor-widget-mobile__width-initial elementor-widget elementor-widget-image\" data-id=\"2658cb80\" data-element_type=\"widget\" data-widget_type=\"image.default\">\n\t\t\t\t<div class=\"elementor-widget-container\">\n\t\t\t\t\t\t\t\t\t\t\t\t\t\t\t<img loading=\"lazy\" decoding=\"async\" width=\"300\" height=\"225\" src=\"https:\/\/carigest.ch\/wp-content\/uploads\/2023\/07\/Maison-Jardin-Edwig-3.jpg\" class=\"attachment-full size-full wp-image-11276\" alt=\"\" \/>\t\t\t\t\t\t\t\t\t\t\t\t\t\t\t<\/div>\n\t\t\t\t<\/div>\n\t\t\t\t<div class=\"elementor-element elementor-element-5d94ef4 elementor-widget elementor-widget-spacer\" data-id=\"5d94ef4\" data-element_type=\"widget\" data-widget_type=\"spacer.default\">\n\t\t\t\t<div class=\"elementor-widget-container\">\n\t\t\t\t\t\t\t<div class=\"elementor-spacer\">\n\t\t\t<div class=\"elementor-spacer-inner\"><\/div>\n\t\t<\/div>\n\t\t\t\t\t\t<\/div>\n\t\t\t\t<\/div>\n\t\t\t\t<div class=\"elementor-element elementor-element-916efe2 elementor-widget__width-auto elementor-widget elementor-widget-image\" data-id=\"916efe2\" data-element_type=\"widget\" data-widget_type=\"image.default\">\n\t\t\t\t<div class=\"elementor-widget-container\">\n\t\t\t\t\t\t\t\t\t\t\t\t\t\t\t<img loading=\"lazy\" decoding=\"async\" width=\"500\" height=\"317\" src=\"https:\/\/carigest.ch\/wp-content\/uploads\/2023\/07\/Maison-Jardin-Edwig-1.jpg\" class=\"attachment-full size-full wp-image-11270\" alt=\"\" srcset=\"https:\/\/carigest.ch\/wp-content\/uploads\/2023\/07\/Maison-Jardin-Edwig-1.jpg 500w, https:\/\/carigest.ch\/wp-content\/uploads\/2023\/07\/Maison-Jardin-Edwig-1-300x190.jpg 300w\" sizes=\"(max-width: 500px) 100vw, 500px\" \/>\t\t\t\t\t\t\t\t\t\t\t\t\t\t\t<\/div>\n\t\t\t\t<\/div>\n\t\t\t\t\t<\/div>\n\t\t<\/div>\n\t\t\t\t<div class=\"elementor-column elementor-col-33 elementor-top-column elementor-element elementor-element-4a01d5bf qodef-sticky-column--no\" data-id=\"4a01d5bf\" data-element_type=\"column\">\n\t\t\t<div class=\"elementor-widget-wrap elementor-element-populated\">\n\t\t\t\t\t\t<div class=\"elementor-element elementor-element-1f03465d elementor-widget__width-auto elementor-widget elementor-widget-image\" data-id=\"1f03465d\" data-element_type=\"widget\" data-widget_type=\"image.default\">\n\t\t\t\t<div class=\"elementor-widget-container\">\n\t\t\t\t\t\t\t\t\t\t\t\t\t\t\t<img loading=\"lazy\" decoding=\"async\" width=\"500\" height=\"317\" src=\"https:\/\/carigest.ch\/wp-content\/uploads\/2023\/07\/Maison-Jardin-Edwig-2.jpg\" class=\"attachment-full size-full wp-image-11273\" alt=\"\" srcset=\"https:\/\/carigest.ch\/wp-content\/uploads\/2023\/07\/Maison-Jardin-Edwig-2.jpg 500w, https:\/\/carigest.ch\/wp-content\/uploads\/2023\/07\/Maison-Jardin-Edwig-2-300x190.jpg 300w\" sizes=\"(max-width: 500px) 100vw, 500px\" \/>\t\t\t\t\t\t\t\t\t\t\t\t\t\t\t<\/div>\n\t\t\t\t<\/div>\n\t\t\t\t\t<\/div>\n\t\t<\/div>\n\t\t\t\t\t<\/div>\n\t\t<\/section>\n\t\t\t\t<section class=\"elementor-section elementor-top-section elementor-element elementor-element-2c7c1e8d elementor-section-boxed elementor-section-height-default elementor-section-height-default qodef-elementor-content-no\" data-id=\"2c7c1e8d\" data-element_type=\"section\" data-settings=\"{&quot;background_background&quot;:&quot;classic&quot;}\">\n\t\t\t\t\t\t<div class=\"elementor-container elementor-column-gap-default\">\n\t\t\t\t\t<div class=\"elementor-column elementor-col-100 elementor-top-column elementor-element elementor-element-68ab41d4 qodef-sticky-column--no\" data-id=\"68ab41d4\" data-element_type=\"column\">\n\t\t\t<div class=\"elementor-widget-wrap elementor-element-populated\">\n\t\t\t\t\t\t<div class=\"elementor-element elementor-element-44dbaea2 elementor-widget__width-auto elementor-widget elementor-widget-qi_addons_for_elementor_button\" data-id=\"44dbaea2\" data-element_type=\"widget\" data-widget_type=\"qi_addons_for_elementor_button.default\">\n\t\t\t\t<div class=\"elementor-widget-container\">\n\t\t\t\t\t<a class=\"qodef-shortcode qodef-m qodef-qi-button qodef-html--link qodef-layout--textual qodef-icon--right qodef-hover--icon-move-horizontal-short qodef-text-underline qodef-underline--left\" href=\"#\" target=\"_self\">\n\t<span class=\"qodef-m-text\">Soumettez votre projet<\/span>\n\t<\/a>\n\t\t\t\t<\/div>\n\t\t\t\t<\/div>\n\t\t\t\t\t<\/div>\n\t\t<\/div>\n\t\t\t\t\t<\/div>\n\t\t<\/section>\n\t\t\t\t<\/div>\n\t\t","protected":false},"excerpt":{"rendered":"<p>Soutien financier \u00e0 l\u2019accueil de jour propos\u00e9 par l\u2019association destin\u00e9 aux personnes atteintes de la maladie d&#8217;Alzheimer ou autres troubles de la m\u00e9moire, orient\u00e9 sp\u00e9cifiquement sur l&#8217;art-th\u00e9rapie.<\/p>\n","protected":false},"author":8,"featured_media":11284,"menu_order":4,"template":"elementor_theme","portfolio-category":[49],"portfolio-tag":[],"class_list":["post-11512","portfolio-item","type-portfolio-item","status-publish","has-post-thumbnail","hentry","years-78","portfolio-category-zweck-2"],"yoast_head":"<!-- This site is optimized with the Yoast SEO plugin v24.6 - https:\/\/yoast.com\/wordpress\/plugins\/seo\/ -->\n<title>Le Jardin d&#039;Edwig - Carigest SA<\/title>\n<meta name=\"robots\" content=\"index, follow, max-snippet:-1, max-image-preview:large, max-video-preview:-1\" \/>\n<link rel=\"canonical\" href=\"https:\/\/carigest.ch\/de\/portfolio-item\/le-jardin-dedwig\/\" \/>\n<meta property=\"og:locale\" content=\"de_DE\" \/>\n<meta property=\"og:type\" content=\"article\" \/>\n<meta property=\"og:title\" content=\"Le Jardin d&#039;Edwig - Carigest SA\" \/>\n<meta property=\"og:description\" content=\"Soutien financier \u00e0 l\u2019accueil de jour propos\u00e9 par l\u2019association destin\u00e9 aux personnes atteintes de la maladie d&#039;Alzheimer ou autres troubles de la m\u00e9moire, orient\u00e9 sp\u00e9cifiquement sur l&#039;art-th\u00e9rapie.\" \/>\n<meta property=\"og:url\" content=\"https:\/\/carigest.ch\/de\/portfolio-item\/le-jardin-dedwig\/\" \/>\n<meta property=\"og:site_name\" content=\"Carigest SA\" \/>\n<meta property=\"article:modified_time\" content=\"2024-11-19T10:38:13+00:00\" \/>\n<meta property=\"og:image\" content=\"https:\/\/carigest.ch\/wp-content\/uploads\/2023\/07\/Maison-Jardin-Edwig.jpg\" \/>\n\t<meta property=\"og:image:width\" content=\"2133\" \/>\n\t<meta property=\"og:image:height\" content=\"1589\" \/>\n\t<meta property=\"og:image:type\" content=\"image\/jpeg\" \/>\n<meta name=\"twitter:card\" content=\"summary_large_image\" \/>\n<script type=\"application\/ld+json\" class=\"yoast-schema-graph\">{\"@context\":\"https:\/\/schema.org\",\"@graph\":[{\"@type\":\"WebPage\",\"@id\":\"https:\/\/carigest.ch\/de\/portfolio-item\/le-jardin-dedwig\/\",\"url\":\"https:\/\/carigest.ch\/de\/portfolio-item\/le-jardin-dedwig\/\",\"name\":\"Le Jardin d'Edwig - Carigest SA\",\"isPartOf\":{\"@id\":\"https:\/\/carigest.ch\/de\/#website\"},\"primaryImageOfPage\":{\"@id\":\"https:\/\/carigest.ch\/de\/portfolio-item\/le-jardin-dedwig\/#primaryimage\"},\"image\":{\"@id\":\"https:\/\/carigest.ch\/de\/portfolio-item\/le-jardin-dedwig\/#primaryimage\"},\"thumbnailUrl\":\"https:\/\/carigest.ch\/wp-content\/uploads\/2023\/07\/Maison-Jardin-Edwig.jpg\",\"datePublished\":\"2023-07-25T12:35:56+00:00\",\"dateModified\":\"2024-11-19T10:38:13+00:00\",\"breadcrumb\":{\"@id\":\"https:\/\/carigest.ch\/de\/portfolio-item\/le-jardin-dedwig\/#breadcrumb\"},\"inLanguage\":\"de\",\"potentialAction\":[{\"@type\":\"ReadAction\",\"target\":[\"https:\/\/carigest.ch\/de\/portfolio-item\/le-jardin-dedwig\/\"]}]},{\"@type\":\"ImageObject\",\"inLanguage\":\"de\",\"@id\":\"https:\/\/carigest.ch\/de\/portfolio-item\/le-jardin-dedwig\/#primaryimage\",\"url\":\"https:\/\/carigest.ch\/wp-content\/uploads\/2023\/07\/Maison-Jardin-Edwig.jpg\",\"contentUrl\":\"https:\/\/carigest.ch\/wp-content\/uploads\/2023\/07\/Maison-Jardin-Edwig.jpg\",\"width\":2133,\"height\":1589},{\"@type\":\"BreadcrumbList\",\"@id\":\"https:\/\/carigest.ch\/de\/portfolio-item\/le-jardin-dedwig\/#breadcrumb\",\"itemListElement\":[{\"@type\":\"ListItem\",\"position\":1,\"name\":\"Home\",\"item\":\"https:\/\/carigest.ch\/de\/startseite\/\"},{\"@type\":\"ListItem\",\"position\":2,\"name\":\"Qode Portfolio\",\"item\":\"https:\/\/carigest.ch\/de\/portfolio-item\/\"},{\"@type\":\"ListItem\",\"position\":3,\"name\":\"Le Jardin d&#8217;Edwig\"}]},{\"@type\":\"WebSite\",\"@id\":\"https:\/\/carigest.ch\/de\/#website\",\"url\":\"https:\/\/carigest.ch\/de\/\",\"name\":\"Carigest SA\",\"description\":\"Beratung, Verwaltung, Begleitung\",\"publisher\":{\"@id\":\"https:\/\/carigest.ch\/de\/#organization\"},\"potentialAction\":[{\"@type\":\"SearchAction\",\"target\":{\"@type\":\"EntryPoint\",\"urlTemplate\":\"https:\/\/carigest.ch\/de\/?s={search_term_string}\"},\"query-input\":{\"@type\":\"PropertyValueSpecification\",\"valueRequired\":true,\"valueName\":\"search_term_string\"}}],\"inLanguage\":\"de\"},{\"@type\":\"Organization\",\"@id\":\"https:\/\/carigest.ch\/de\/#organization\",\"name\":\"Carigest SA\",\"url\":\"https:\/\/carigest.ch\/de\/\",\"logo\":{\"@type\":\"ImageObject\",\"inLanguage\":\"de\",\"@id\":\"https:\/\/carigest.ch\/de\/#\/schema\/logo\/image\/\",\"url\":\"\",\"contentUrl\":\"\",\"caption\":\"Carigest SA\"},\"image\":{\"@id\":\"https:\/\/carigest.ch\/de\/#\/schema\/logo\/image\/\"},\"sameAs\":[\"https:\/\/www.linkedin.com\/company\/carigest-sa\/\"]}]}<\/script>\n<!-- \/ Yoast SEO plugin. -->","yoast_head_json":{"title":"Le Jardin d'Edwig - Carigest SA","robots":{"index":"index","follow":"follow","max-snippet":"max-snippet:-1","max-image-preview":"max-image-preview:large","max-video-preview":"max-video-preview:-1"},"canonical":"https:\/\/carigest.ch\/de\/portfolio-item\/le-jardin-dedwig\/","og_locale":"de_DE","og_type":"article","og_title":"Le Jardin d'Edwig - Carigest SA","og_description":"Soutien financier \u00e0 l\u2019accueil de jour propos\u00e9 par l\u2019association destin\u00e9 aux personnes atteintes de la maladie d'Alzheimer ou autres troubles de la m\u00e9moire, orient\u00e9 sp\u00e9cifiquement sur l'art-th\u00e9rapie.","og_url":"https:\/\/carigest.ch\/de\/portfolio-item\/le-jardin-dedwig\/","og_site_name":"Carigest SA","article_modified_time":"2024-11-19T10:38:13+00:00","og_image":[{"width":2133,"height":1589,"url":"https:\/\/carigest.ch\/wp-content\/uploads\/2023\/07\/Maison-Jardin-Edwig.jpg","type":"image\/jpeg"}],"twitter_card":"summary_large_image","schema":{"@context":"https:\/\/schema.org","@graph":[{"@type":"WebPage","@id":"https:\/\/carigest.ch\/de\/portfolio-item\/le-jardin-dedwig\/","url":"https:\/\/carigest.ch\/de\/portfolio-item\/le-jardin-dedwig\/","name":"Le Jardin d'Edwig - Carigest SA","isPartOf":{"@id":"https:\/\/carigest.ch\/de\/#website"},"primaryImageOfPage":{"@id":"https:\/\/carigest.ch\/de\/portfolio-item\/le-jardin-dedwig\/#primaryimage"},"image":{"@id":"https:\/\/carigest.ch\/de\/portfolio-item\/le-jardin-dedwig\/#primaryimage"},"thumbnailUrl":"https:\/\/carigest.ch\/wp-content\/uploads\/2023\/07\/Maison-Jardin-Edwig.jpg","datePublished":"2023-07-25T12:35:56+00:00","dateModified":"2024-11-19T10:38:13+00:00","breadcrumb":{"@id":"https:\/\/carigest.ch\/de\/portfolio-item\/le-jardin-dedwig\/#breadcrumb"},"inLanguage":"de","potentialAction":[{"@type":"ReadAction","target":["https:\/\/carigest.ch\/de\/portfolio-item\/le-jardin-dedwig\/"]}]},{"@type":"ImageObject","inLanguage":"de","@id":"https:\/\/carigest.ch\/de\/portfolio-item\/le-jardin-dedwig\/#primaryimage","url":"https:\/\/carigest.ch\/wp-content\/uploads\/2023\/07\/Maison-Jardin-Edwig.jpg","contentUrl":"https:\/\/carigest.ch\/wp-content\/uploads\/2023\/07\/Maison-Jardin-Edwig.jpg","width":2133,"height":1589},{"@type":"BreadcrumbList","@id":"https:\/\/carigest.ch\/de\/portfolio-item\/le-jardin-dedwig\/#breadcrumb","itemListElement":[{"@type":"ListItem","position":1,"name":"Home","item":"https:\/\/carigest.ch\/de\/startseite\/"},{"@type":"ListItem","position":2,"name":"Qode Portfolio","item":"https:\/\/carigest.ch\/de\/portfolio-item\/"},{"@type":"ListItem","position":3,"name":"Le Jardin d&#8217;Edwig"}]},{"@type":"WebSite","@id":"https:\/\/carigest.ch\/de\/#website","url":"https:\/\/carigest.ch\/de\/","name":"Carigest SA","description":"Beratung, Verwaltung, Begleitung","publisher":{"@id":"https:\/\/carigest.ch\/de\/#organization"},"potentialAction":[{"@type":"SearchAction","target":{"@type":"EntryPoint","urlTemplate":"https:\/\/carigest.ch\/de\/?s={search_term_string}"},"query-input":{"@type":"PropertyValueSpecification","valueRequired":true,"valueName":"search_term_string"}}],"inLanguage":"de"},{"@type":"Organization","@id":"https:\/\/carigest.ch\/de\/#organization","name":"Carigest SA","url":"https:\/\/carigest.ch\/de\/","logo":{"@type":"ImageObject","inLanguage":"de","@id":"https:\/\/carigest.ch\/de\/#\/schema\/logo\/image\/","url":"","contentUrl":"","caption":"Carigest SA"},"image":{"@id":"https:\/\/carigest.ch\/de\/#\/schema\/logo\/image\/"},"sameAs":["https:\/\/www.linkedin.com\/company\/carigest-sa\/"]}]}},"_links":{"self":[{"href":"https:\/\/carigest.ch\/de\/wp-json\/wp\/v2\/portfolio-item\/11512","targetHints":{"allow":["GET"]}}],"collection":[{"href":"https:\/\/carigest.ch\/de\/wp-json\/wp\/v2\/portfolio-item"}],"about":[{"href":"https:\/\/carigest.ch\/de\/wp-json\/wp\/v2\/types\/portfolio-item"}],"author":[{"embeddable":true,"href":"https:\/\/carigest.ch\/de\/wp-json\/wp\/v2\/users\/8"}],"version-history":[{"count":8,"href":"https:\/\/carigest.ch\/de\/wp-json\/wp\/v2\/portfolio-item\/11512\/revisions"}],"predecessor-version":[{"id":13815,"href":"https:\/\/carigest.ch\/de\/wp-json\/wp\/v2\/portfolio-item\/11512\/revisions\/13815"}],"wp:featuredmedia":[{"embeddable":true,"href":"https:\/\/carigest.ch\/de\/wp-json\/wp\/v2\/media\/11284"}],"wp:attachment":[{"href":"https:\/\/carigest.ch\/de\/wp-json\/wp\/v2\/media?parent=11512"}],"wp:term":[{"taxonomy":"portfolio-category","embeddable":true,"href":"https:\/\/carigest.ch\/de\/wp-json\/wp\/v2\/portfolio-category?post=11512"},{"taxonomy":"portfolio-tag","embeddable":true,"href":"https:\/\/carigest.ch\/de\/wp-json\/wp\/v2\/portfolio-tag?post=11512"}],"curies":[{"name":"wp","href":"https:\/\/api.w.org\/{rel}","templated":true}]}}