{"id":10593,"date":"2023-03-06T12:58:49","date_gmt":"2023-03-06T11:58:49","guid":{"rendered":"https:\/\/bfqhbmyrq.preview.infomaniak.website\/portfolio-item\/nationaloper-von-paris\/"},"modified":"2024-11-19T11:33:56","modified_gmt":"2024-11-19T10:33:56","slug":"opera-paris","status":"publish","type":"portfolio-item","link":"https:\/\/carigest.ch\/de\/portfolio-item\/opera-paris\/","title":{"rendered":"Op\u00e9ra National de Paris"},"content":{"rendered":"\t\t<div data-elementor-type=\"wp-post\" data-elementor-id=\"10593\" class=\"elementor elementor-10593 elementor-6594\" data-elementor-post-type=\"portfolio-item\">\n\t\t\t\t\t\t<section class=\"elementor-section elementor-top-section elementor-element elementor-element-1448cbb6 qodef-elementor-content-grid elementor-section-boxed elementor-section-height-default elementor-section-height-default\" data-id=\"1448cbb6\" data-element_type=\"section\" data-settings=\"{&quot;background_background&quot;:&quot;classic&quot;}\">\n\t\t\t\t\t\t<div class=\"elementor-container elementor-column-gap-default\">\n\t\t\t\t\t<div class=\"elementor-column elementor-col-100 elementor-top-column elementor-element elementor-element-44364cf9 qodef-sticky-column--no\" data-id=\"44364cf9\" data-element_type=\"column\">\n\t\t\t<div class=\"elementor-widget-wrap elementor-element-populated\">\n\t\t\t\t\t\t<div class=\"elementor-element elementor-element-3441fde3 elementor-widget elementor-widget-spacer\" data-id=\"3441fde3\" data-element_type=\"widget\" data-widget_type=\"spacer.default\">\n\t\t\t\t<div class=\"elementor-widget-container\">\n\t\t\t\t\t\t\t<div class=\"elementor-spacer\">\n\t\t\t<div class=\"elementor-spacer-inner\"><\/div>\n\t\t<\/div>\n\t\t\t\t\t\t<\/div>\n\t\t\t\t<\/div>\n\t\t\t\t\t<\/div>\n\t\t<\/div>\n\t\t\t\t\t<\/div>\n\t\t<\/section>\n\t\t\t\t<section class=\"elementor-section elementor-top-section elementor-element elementor-element-38fe8a62 elementor-section-boxed elementor-section-height-default elementor-section-height-default qodef-elementor-content-no\" data-id=\"38fe8a62\" data-element_type=\"section\">\n\t\t\t\t\t\t<div class=\"elementor-container elementor-column-gap-default\">\n\t\t\t\t\t<div class=\"elementor-column elementor-col-33 elementor-top-column elementor-element elementor-element-55d0a0c1 qodef-sticky-column--no\" data-id=\"55d0a0c1\" data-element_type=\"column\">\n\t\t\t<div class=\"elementor-widget-wrap elementor-element-populated\">\n\t\t\t\t\t\t<div class=\"elementor-element elementor-element-195db2a3 elementor-widget elementor-widget-qi_addons_for_elementor_section_title\" data-id=\"195db2a3\" data-element_type=\"widget\" data-widget_type=\"qi_addons_for_elementor_section_title.default\">\n\t\t\t\t<div class=\"elementor-widget-container\">\n\t\t\t\t\t<div class=\"qodef-shortcode qodef-m qodef-qi-section-title qodef-decoration--italic qodef-link--underline-draw qodef-subtitle-icon--left\">\n\t\t\t\t\t\t<h1 class=\"qodef-m-title\">\n\t\tOp\u00e9ra national de Paris\t<\/h1>\n\t\t\t<div class=\"qodef-m-text\"><p>L\u2019Op\u00e9ra national de Paris a pour mission de rendre accessible au plus grand nombre les \u0153uvres du patrimoine lyrique et chor\u00e9graphique, de favoriser la cr\u00e9ation et la repr\u00e9sentation d\u2019\u0153uvres contemporaines, de contribuer \u00e0 la formation professionnelle et au perfectionnement des chanteurs et des danseurs.<\/p><\/div>\n\t<\/div>\n\t\t\t\t<\/div>\n\t\t\t\t<\/div>\n\t\t\t\t<div class=\"elementor-element elementor-element-684619c8 elementor-widget elementor-widget-qi_addons_for_elementor_section_title\" data-id=\"684619c8\" data-element_type=\"widget\" data-widget_type=\"qi_addons_for_elementor_section_title.default\">\n\t\t\t\t<div class=\"elementor-widget-container\">\n\t\t\t\t\t<div class=\"qodef-shortcode qodef-m qodef-qi-section-title qodef-decoration--italic qodef-link--underline-draw qodef-subtitle-icon--left\">\n\t\t\t\t\t\t<h2 class=\"qodef-m-title\">\n\t\tNom du projet\t<\/h2>\n\t\t\t<div class=\"qodef-m-text\"><p>Soutien au programme Op\u00e9rApprentis 2020-2023<\/p><\/div>\n\t<\/div>\n\t\t\t\t<\/div>\n\t\t\t\t<\/div>\n\t\t\t\t<div class=\"elementor-element elementor-element-5a9ee6fb elementor-widget elementor-widget-qi_addons_for_elementor_section_title\" data-id=\"5a9ee6fb\" data-element_type=\"widget\" data-widget_type=\"qi_addons_for_elementor_section_title.default\">\n\t\t\t\t<div class=\"elementor-widget-container\">\n\t\t\t\t\t<div class=\"qodef-shortcode qodef-m qodef-qi-section-title qodef-decoration--italic qodef-link--underline-draw qodef-subtitle-icon--left\">\n\t\t\t\t\t\t<h2 class=\"qodef-m-title\">\n\t\tDescription\t<\/h2>\n\t\t\t<div class=\"qodef-m-text\"><div class=\"ewa-rteLine\"><p>Op\u00e9rApprentis - Acad\u00e9mie de l'Op\u00e9ra national de Paris<\/p><p>Programme de d\u00e9couverte de l\u2019Op\u00e9ra qui s\u2019articule autour de 3 axes : la pratique artistique, les rencontres professionnelles et la d\u00e9couverte des spectacles lyriques et chor\u00e9graphiques.<\/p><p>Ouvert \u00e0 plus de 500 jeunes adultes en apprentissage dans des domaines aussi vari\u00e9s que la vente, la p\u00e2tisserie, la m\u00e9canique, la coiffure, la verrerie, la bijouterie, la peinture ou encore la couture, ce programme a pour enjeux le d\u00e9veloppement chez les apprentis de comp\u00e9tences qui leur seront utiles tout au long de leurs carri\u00e8res et l\u2019ouverture de leurs perspectives professionnelles. En collaboration avec les \u00e9quipes p\u00e9dagogiques de chaque \u00e9tablissement, des artistes, chor\u00e9graphes, artistes lyriques, musiciens et metteurs en sc\u00e8ne, mettent en place plus de 200 ateliers qui entrent en r\u00e9sonance avec la formation des apprentis.<\/p><p><strong><em>Soutien du projet Op\u00e9rApprentis dans le but de proposer aux \u00e9l\u00e8ves de Centres de Formation d'Apprentis form\u00e9s aux m\u00e9tiers d'art de d\u00e9couvrir le monde de l'Op\u00e9ra et du ballet. Fort de son succ\u00e8s, ce projet pourra ainsi \u00eatre p\u00e9rennis\u00e9.<\/em><\/strong><\/p><\/div><\/div>\n\t<\/div>\n\t\t\t\t<\/div>\n\t\t\t\t<\/div>\n\t\t\t\t<div class=\"elementor-element elementor-element-eb2d6a2 elementor-widget elementor-widget-video\" data-id=\"eb2d6a2\" data-element_type=\"widget\" data-settings=\"{&quot;youtube_url&quot;:&quot;https:\\\/\\\/youtu.be\\\/vJ_qXSJG2t8&quot;,&quot;mute&quot;:&quot;yes&quot;,&quot;yt_privacy&quot;:&quot;yes&quot;,&quot;video_type&quot;:&quot;youtube&quot;,&quot;controls&quot;:&quot;yes&quot;}\" data-widget_type=\"video.default\">\n\t\t\t\t<div class=\"elementor-widget-container\">\n\t\t\t\t\t\t\t<div class=\"elementor-wrapper elementor-open-inline\">\n\t\t\t<div class=\"elementor-video\"><\/div>\t\t<\/div>\n\t\t\t\t\t\t<\/div>\n\t\t\t\t<\/div>\n\t\t\t\t<div class=\"elementor-element elementor-element-1b3a3c85 elementor-widget elementor-widget-qi_addons_for_elementor_section_title\" data-id=\"1b3a3c85\" data-element_type=\"widget\" data-widget_type=\"qi_addons_for_elementor_section_title.default\">\n\t\t\t\t<div class=\"elementor-widget-container\">\n\t\t\t\t\t<div class=\"qodef-shortcode qodef-m qodef-qi-section-title qodef-decoration--italic qodef-link--underline-draw qodef-subtitle-icon--left\">\n\t\t\t\t\t\t<h2 class=\"qodef-m-title\">\n\t\tSite Internet \t<\/h2>\n\t\t\t<div class=\"qodef-m-text\"><div class=\"website-link\"><a href=\"https:\/\/www.operadeparis.fr\/academie\/education-artistique\/operapprentis-1\" target=\"_blank\" rel=\"noopener\">https:\/\/www.operadeparis.fr\/academie\/<\/a><\/div><div> <\/div><div>Cr\u00e9dit photo: E. Bauer \/ Op\u00e9ra national de Paris<\/div><div> <\/div><div> <\/div><\/div>\n\t<\/div>\n\t\t\t\t<\/div>\n\t\t\t\t<\/div>\n\t\t\t\t<div class=\"elementor-element elementor-element-2fc47a2 elementor-widget elementor-widget-qi_addons_for_elementor_image_gallery\" data-id=\"2fc47a2\" data-element_type=\"widget\" data-widget_type=\"qi_addons_for_elementor_image_gallery.default\">\n\t\t\t\t<div class=\"elementor-widget-container\">\n\t\t\t\t\t<div class=\"qodef-shortcode qodef-m qodef-qi-image-gallery qodef-qi-grid qodef-layout--qi-columns qodef-col-num--4 qodef-responsive--predefined\">\n\t<div class=\"qodef-grid-inner\">\n\t\t<div class=\"qodef-e qodef-image-wrapper qodef-grid-item\">\n\t<div class=\"qodef-e-inner\">\n\t\t\t\t\t<img fetchpriority=\"high\" decoding=\"async\" width=\"2632\" height=\"1408\" src=\"https:\/\/carigest.ch\/wp-content\/uploads\/2023\/04\/F_SDG_logo_without_UN_emblem_Square_WEB.png\" class=\"attachment-full size-full\" alt=\"\" srcset=\"https:\/\/carigest.ch\/wp-content\/uploads\/2023\/04\/F_SDG_logo_without_UN_emblem_Square_WEB.png 2632w, https:\/\/carigest.ch\/wp-content\/uploads\/2023\/04\/F_SDG_logo_without_UN_emblem_Square_WEB-300x160.png 300w, https:\/\/carigest.ch\/wp-content\/uploads\/2023\/04\/F_SDG_logo_without_UN_emblem_Square_WEB-1024x548.png 1024w, https:\/\/carigest.ch\/wp-content\/uploads\/2023\/04\/F_SDG_logo_without_UN_emblem_Square_WEB-768x411.png 768w, https:\/\/carigest.ch\/wp-content\/uploads\/2023\/04\/F_SDG_logo_without_UN_emblem_Square_WEB-1536x822.png 1536w, https:\/\/carigest.ch\/wp-content\/uploads\/2023\/04\/F_SDG_logo_without_UN_emblem_Square_WEB-2048x1096.png 2048w\" sizes=\"(max-width: 2632px) 100vw, 2632px\" \/>\t\t\t<\/div>\n<\/div>\n<div class=\"qodef-e qodef-image-wrapper qodef-grid-item\">\n\t<div class=\"qodef-e-inner\">\n\t\t\t\t\t<img decoding=\"async\" width=\"1500\" height=\"1500\" src=\"https:\/\/carigest.ch\/wp-content\/uploads\/2023\/04\/Education-de-qualite.png\" class=\"attachment-full size-full\" alt=\"\" srcset=\"https:\/\/carigest.ch\/wp-content\/uploads\/2023\/04\/Education-de-qualite.png 1500w, https:\/\/carigest.ch\/wp-content\/uploads\/2023\/04\/Education-de-qualite-300x300.png 300w, https:\/\/carigest.ch\/wp-content\/uploads\/2023\/04\/Education-de-qualite-1024x1024.png 1024w, https:\/\/carigest.ch\/wp-content\/uploads\/2023\/04\/Education-de-qualite-150x150.png 150w, https:\/\/carigest.ch\/wp-content\/uploads\/2023\/04\/Education-de-qualite-768x768.png 768w, https:\/\/carigest.ch\/wp-content\/uploads\/2023\/04\/Education-de-qualite-650x650.png 650w, https:\/\/carigest.ch\/wp-content\/uploads\/2023\/04\/Education-de-qualite-1300x1300.png 1300w\" sizes=\"(max-width: 1500px) 100vw, 1500px\" \/>\t\t\t<\/div>\n<\/div>\n<div class=\"qodef-e qodef-image-wrapper qodef-grid-item\">\n\t<div class=\"qodef-e-inner\">\n\t\t\t\t\t<img decoding=\"async\" width=\"1500\" height=\"1500\" src=\"https:\/\/carigest.ch\/wp-content\/uploads\/2023\/04\/Egalite-entre-les-sexes.png\" class=\"attachment-full size-full\" alt=\"\" srcset=\"https:\/\/carigest.ch\/wp-content\/uploads\/2023\/04\/Egalite-entre-les-sexes.png 1500w, https:\/\/carigest.ch\/wp-content\/uploads\/2023\/04\/Egalite-entre-les-sexes-300x300.png 300w, https:\/\/carigest.ch\/wp-content\/uploads\/2023\/04\/Egalite-entre-les-sexes-1024x1024.png 1024w, https:\/\/carigest.ch\/wp-content\/uploads\/2023\/04\/Egalite-entre-les-sexes-150x150.png 150w, https:\/\/carigest.ch\/wp-content\/uploads\/2023\/04\/Egalite-entre-les-sexes-768x768.png 768w, https:\/\/carigest.ch\/wp-content\/uploads\/2023\/04\/Egalite-entre-les-sexes-650x650.png 650w, https:\/\/carigest.ch\/wp-content\/uploads\/2023\/04\/Egalite-entre-les-sexes-1300x1300.png 1300w\" sizes=\"(max-width: 1500px) 100vw, 1500px\" \/>\t\t\t<\/div>\n<\/div>\n<div class=\"qodef-e qodef-image-wrapper qodef-grid-item\">\n\t<div class=\"qodef-e-inner\">\n\t\t\t\t\t<img loading=\"lazy\" decoding=\"async\" width=\"1500\" height=\"1500\" src=\"https:\/\/carigest.ch\/wp-content\/uploads\/2023\/04\/Inegalites-reduites.png\" class=\"attachment-full size-full\" alt=\"\" srcset=\"https:\/\/carigest.ch\/wp-content\/uploads\/2023\/04\/Inegalites-reduites.png 1500w, https:\/\/carigest.ch\/wp-content\/uploads\/2023\/04\/Inegalites-reduites-300x300.png 300w, https:\/\/carigest.ch\/wp-content\/uploads\/2023\/04\/Inegalites-reduites-1024x1024.png 1024w, https:\/\/carigest.ch\/wp-content\/uploads\/2023\/04\/Inegalites-reduites-150x150.png 150w, https:\/\/carigest.ch\/wp-content\/uploads\/2023\/04\/Inegalites-reduites-768x768.png 768w, https:\/\/carigest.ch\/wp-content\/uploads\/2023\/04\/Inegalites-reduites-650x650.png 650w, https:\/\/carigest.ch\/wp-content\/uploads\/2023\/04\/Inegalites-reduites-1300x1300.png 1300w\" sizes=\"(max-width: 1500px) 100vw, 1500px\" \/>\t\t\t<\/div>\n<\/div>\n\t<\/div>\n<\/div>\n\t\t\t\t<\/div>\n\t\t\t\t<\/div>\n\t\t\t\t<div class=\"elementor-element elementor-element-29a3552 elementor-widget elementor-widget-qi_addons_for_elementor_section_title\" data-id=\"29a3552\" data-element_type=\"widget\" data-widget_type=\"qi_addons_for_elementor_section_title.default\">\n\t\t\t\t<div class=\"elementor-widget-container\">\n\t\t\t\t\t<div class=\"qodef-shortcode qodef-m qodef-qi-section-title qodef-decoration--italic qodef-link--underline-draw qodef-subtitle-icon--left\">\n\t\t\t\t\t\t\t\t<div class=\"qodef-m-text\"><p><em><strong>Les 17 objectifs de d\u00e9veloppement<\/strong> <strong>durable<\/strong> tels que <strong>d\u00e9finis par les Nations Unies<\/strong> nous donnent la marche \u00e0 suivre pour parvenir \u00e0 un avenir meilleur et plus durable pour tous. Ils r\u00e9pondent aux d\u00e9fis mondiaux auxquels nous sommes confront\u00e9s, notamment ceux li\u00e9s \u00e0 la pauvret\u00e9, aux in\u00e9galit\u00e9s, au climat, \u00e0 la d\u00e9gradation de l\u2019environnement, \u00e0 la prosp\u00e9rit\u00e9, \u00e0 la paix et \u00e0 la justice. Les objectifs sont interconnect\u00e9s et, pour ne laisser personne de c\u00f4t\u00e9, <strong>il est important d\u2019atteindre chacun d\u2019entre eux<\/strong>, et chacune de leurs cibles,<strong> d\u2019ici \u00e0 2030<\/strong>.<\/em><\/p><\/div>\n\t<\/div>\n\t\t\t\t<\/div>\n\t\t\t\t<\/div>\n\t\t\t\t\t<\/div>\n\t\t<\/div>\n\t\t\t\t<div class=\"elementor-column elementor-col-33 elementor-top-column elementor-element elementor-element-4f5c06e8 qodef-sticky-column--no\" data-id=\"4f5c06e8\" data-element_type=\"column\">\n\t\t\t<div class=\"elementor-widget-wrap elementor-element-populated\">\n\t\t\t\t\t\t<div class=\"elementor-element elementor-element-7a782da0 elementor-widget__width-auto elementor-widget-mobile__width-initial elementor-widget elementor-widget-image\" data-id=\"7a782da0\" data-element_type=\"widget\" data-widget_type=\"image.default\">\n\t\t\t\t<div class=\"elementor-widget-container\">\n\t\t\t\t\t\t\t\t\t\t\t\t\t\t\t<img loading=\"lazy\" decoding=\"async\" width=\"721\" height=\"406\" src=\"https:\/\/carigest.ch\/wp-content\/uploads\/2023\/03\/OperApprentis-2.jpg\" class=\"attachment-full size-full wp-image-8065\" alt=\"\" srcset=\"https:\/\/carigest.ch\/wp-content\/uploads\/2023\/03\/OperApprentis-2.jpg 721w, https:\/\/carigest.ch\/wp-content\/uploads\/2023\/03\/OperApprentis-2-300x169.jpg 300w\" sizes=\"(max-width: 721px) 100vw, 721px\" \/>\t\t\t\t\t\t\t\t\t\t\t\t\t\t\t<\/div>\n\t\t\t\t<\/div>\n\t\t\t\t<div class=\"elementor-element elementor-element-43a4a566 elementor-widget-mobile__width-initial elementor-widget-tablet__width-auto elementor-widget elementor-widget-image\" data-id=\"43a4a566\" data-element_type=\"widget\" data-widget_type=\"image.default\">\n\t\t\t\t<div class=\"elementor-widget-container\">\n\t\t\t\t\t\t\t\t\t\t\t\t\t\t\t\t<a href=\"https:\/\/www.operadeparis.fr\/\" target=\"_blank\">\n\t\t\t\t\t\t\t<img loading=\"lazy\" decoding=\"async\" width=\"370\" height=\"370\" src=\"https:\/\/carigest.ch\/wp-content\/uploads\/2023\/03\/Logo-Opera-Paris.webp\" class=\"attachment-full size-full wp-image-8324\" alt=\"\" srcset=\"https:\/\/carigest.ch\/wp-content\/uploads\/2023\/03\/Logo-Opera-Paris.webp 370w, https:\/\/carigest.ch\/wp-content\/uploads\/2023\/03\/Logo-Opera-Paris-300x300.webp 300w, https:\/\/carigest.ch\/wp-content\/uploads\/2023\/03\/Logo-Opera-Paris-150x150.webp 150w\" sizes=\"(max-width: 370px) 100vw, 370px\" \/>\t\t\t\t\t\t\t\t<\/a>\n\t\t\t\t\t\t\t\t\t\t\t\t\t\t\t<\/div>\n\t\t\t\t<\/div>\n\t\t\t\t\t<\/div>\n\t\t<\/div>\n\t\t\t\t<div class=\"elementor-column elementor-col-33 elementor-top-column elementor-element elementor-element-4e8e5caf qodef-sticky-column--no\" data-id=\"4e8e5caf\" data-element_type=\"column\">\n\t\t\t<div class=\"elementor-widget-wrap elementor-element-populated\">\n\t\t\t\t\t\t<div class=\"elementor-element elementor-element-5876dfa4 elementor-widget__width-auto elementor-widget elementor-widget-image\" data-id=\"5876dfa4\" data-element_type=\"widget\" data-widget_type=\"image.default\">\n\t\t\t\t<div class=\"elementor-widget-container\">\n\t\t\t\t\t\t\t\t\t\t\t\t\t\t\t<img loading=\"lazy\" decoding=\"async\" width=\"570\" height=\"570\" src=\"https:\/\/carigest.ch\/wp-content\/uploads\/2023\/03\/OperApprentis.jpg\" class=\"attachment-full size-full wp-image-7235\" alt=\"\" srcset=\"https:\/\/carigest.ch\/wp-content\/uploads\/2023\/03\/OperApprentis.jpg 570w, https:\/\/carigest.ch\/wp-content\/uploads\/2023\/03\/OperApprentis-300x300.jpg 300w, https:\/\/carigest.ch\/wp-content\/uploads\/2023\/03\/OperApprentis-150x150.jpg 150w\" sizes=\"(max-width: 570px) 100vw, 570px\" \/>\t\t\t\t\t\t\t\t\t\t\t\t\t\t\t<\/div>\n\t\t\t\t<\/div>\n\t\t\t\t\t<\/div>\n\t\t<\/div>\n\t\t\t\t\t<\/div>\n\t\t<\/section>\n\t\t\t\t<section class=\"elementor-section elementor-top-section elementor-element elementor-element-60bd14cc elementor-section-boxed elementor-section-height-default elementor-section-height-default qodef-elementor-content-no\" data-id=\"60bd14cc\" data-element_type=\"section\" data-settings=\"{&quot;background_background&quot;:&quot;classic&quot;}\">\n\t\t\t\t\t\t<div class=\"elementor-container elementor-column-gap-default\">\n\t\t\t\t\t<div class=\"elementor-column elementor-col-100 elementor-top-column elementor-element elementor-element-5b5e92d7 qodef-sticky-column--no\" data-id=\"5b5e92d7\" data-element_type=\"column\">\n\t\t\t<div class=\"elementor-widget-wrap elementor-element-populated\">\n\t\t\t\t\t\t<div class=\"elementor-element elementor-element-0d4b64b elementor-widget__width-auto elementor-widget elementor-widget-global elementor-global-10711 elementor-global-7830 elementor-widget-qi_addons_for_elementor_button\" data-id=\"0d4b64b\" data-element_type=\"widget\" data-widget_type=\"qi_addons_for_elementor_button.default\">\n\t\t\t\t<div class=\"elementor-widget-container\">\n\t\t\t\t\t<a class=\"qodef-shortcode qodef-m qodef-qi-button qodef-html--link qodef-layout--textual qodef-icon--right qodef-hover--icon-move-horizontal-short qodef-text-underline qodef-underline--left\" href=\"\/demandes\/#submit-project\" target=\"_self\">\n\t<span class=\"qodef-m-text\">Reichen Sie Ihr Projekt ein<\/span>\n\t<\/a>\n\t\t\t\t<\/div>\n\t\t\t\t<\/div>\n\t\t\t\t\t<\/div>\n\t\t<\/div>\n\t\t\t\t\t<\/div>\n\t\t<\/section>\n\t\t\t\t<\/div>\n\t\t","protected":false},"excerpt":{"rendered":"<p>Soutien au programme Op\u00e9rApprentis 2020-2023<\/p>\n","protected":false},"author":10,"featured_media":10498,"menu_order":12,"template":"elementor_theme","portfolio-category":[45],"portfolio-tag":[],"class_list":["post-10593","portfolio-item","type-portfolio-item","status-publish","has-post-thumbnail","hentry","years-78","portfolio-category-zweck-4"],"yoast_head":"<!-- This site is optimized with the Yoast SEO plugin v24.6 - https:\/\/yoast.com\/wordpress\/plugins\/seo\/ -->\n<title>Op\u00e9ra National de Paris - Carigest SA<\/title>\n<meta name=\"robots\" content=\"index, follow, max-snippet:-1, max-image-preview:large, max-video-preview:-1\" \/>\n<link rel=\"canonical\" href=\"https:\/\/carigest.ch\/de\/portfolio-item\/opera-paris\/\" \/>\n<meta property=\"og:locale\" content=\"de_DE\" \/>\n<meta property=\"og:type\" content=\"article\" \/>\n<meta property=\"og:title\" content=\"Op\u00e9ra National de Paris - Carigest SA\" \/>\n<meta property=\"og:description\" content=\"Soutien au programme Op\u00e9rApprentis 2020-2023\" \/>\n<meta property=\"og:url\" content=\"https:\/\/carigest.ch\/de\/portfolio-item\/opera-paris\/\" \/>\n<meta property=\"og:site_name\" content=\"Carigest SA\" \/>\n<meta property=\"article:modified_time\" content=\"2024-11-19T10:33:56+00:00\" \/>\n<meta property=\"og:image\" content=\"https:\/\/carigest.ch\/wp-content\/uploads\/2023\/04\/Opera-Garnier-scaled.jpg\" \/>\n\t<meta property=\"og:image:width\" content=\"2560\" \/>\n\t<meta property=\"og:image:height\" content=\"1790\" \/>\n\t<meta property=\"og:image:type\" content=\"image\/jpeg\" \/>\n<meta name=\"twitter:card\" content=\"summary_large_image\" \/>\n<script type=\"application\/ld+json\" class=\"yoast-schema-graph\">{\"@context\":\"https:\/\/schema.org\",\"@graph\":[{\"@type\":\"WebPage\",\"@id\":\"https:\/\/carigest.ch\/de\/portfolio-item\/opera-paris\/\",\"url\":\"https:\/\/carigest.ch\/de\/portfolio-item\/opera-paris\/\",\"name\":\"Op\u00e9ra National de Paris - Carigest SA\",\"isPartOf\":{\"@id\":\"https:\/\/carigest.ch\/de\/#website\"},\"primaryImageOfPage\":{\"@id\":\"https:\/\/carigest.ch\/de\/portfolio-item\/opera-paris\/#primaryimage\"},\"image\":{\"@id\":\"https:\/\/carigest.ch\/de\/portfolio-item\/opera-paris\/#primaryimage\"},\"thumbnailUrl\":\"https:\/\/carigest.ch\/wp-content\/uploads\/2023\/04\/Opera-Garnier-scaled.jpg\",\"datePublished\":\"2023-03-06T11:58:49+00:00\",\"dateModified\":\"2024-11-19T10:33:56+00:00\",\"breadcrumb\":{\"@id\":\"https:\/\/carigest.ch\/de\/portfolio-item\/opera-paris\/#breadcrumb\"},\"inLanguage\":\"de\",\"potentialAction\":[{\"@type\":\"ReadAction\",\"target\":[\"https:\/\/carigest.ch\/de\/portfolio-item\/opera-paris\/\"]}]},{\"@type\":\"ImageObject\",\"inLanguage\":\"de\",\"@id\":\"https:\/\/carigest.ch\/de\/portfolio-item\/opera-paris\/#primaryimage\",\"url\":\"https:\/\/carigest.ch\/wp-content\/uploads\/2023\/04\/Opera-Garnier-scaled.jpg\",\"contentUrl\":\"https:\/\/carigest.ch\/wp-content\/uploads\/2023\/04\/Opera-Garnier-scaled.jpg\",\"width\":2560,\"height\":1790,\"caption\":\"Palais Garnier, Op\u00e9ra national de Paris, Place de l'Op\u00e9ra, Fa\u00e7ade Palais Garnier\"},{\"@type\":\"BreadcrumbList\",\"@id\":\"https:\/\/carigest.ch\/de\/portfolio-item\/opera-paris\/#breadcrumb\",\"itemListElement\":[{\"@type\":\"ListItem\",\"position\":1,\"name\":\"Home\",\"item\":\"https:\/\/carigest.ch\/de\/startseite\/\"},{\"@type\":\"ListItem\",\"position\":2,\"name\":\"Qode Portfolio\",\"item\":\"https:\/\/carigest.ch\/de\/portfolio-item\/\"},{\"@type\":\"ListItem\",\"position\":3,\"name\":\"Op\u00e9ra National de Paris\"}]},{\"@type\":\"WebSite\",\"@id\":\"https:\/\/carigest.ch\/de\/#website\",\"url\":\"https:\/\/carigest.ch\/de\/\",\"name\":\"Carigest SA\",\"description\":\"Beratung, Verwaltung, Begleitung\",\"publisher\":{\"@id\":\"https:\/\/carigest.ch\/de\/#organization\"},\"potentialAction\":[{\"@type\":\"SearchAction\",\"target\":{\"@type\":\"EntryPoint\",\"urlTemplate\":\"https:\/\/carigest.ch\/de\/?s={search_term_string}\"},\"query-input\":{\"@type\":\"PropertyValueSpecification\",\"valueRequired\":true,\"valueName\":\"search_term_string\"}}],\"inLanguage\":\"de\"},{\"@type\":\"Organization\",\"@id\":\"https:\/\/carigest.ch\/de\/#organization\",\"name\":\"Carigest SA\",\"url\":\"https:\/\/carigest.ch\/de\/\",\"logo\":{\"@type\":\"ImageObject\",\"inLanguage\":\"de\",\"@id\":\"https:\/\/carigest.ch\/de\/#\/schema\/logo\/image\/\",\"url\":\"\",\"contentUrl\":\"\",\"caption\":\"Carigest SA\"},\"image\":{\"@id\":\"https:\/\/carigest.ch\/de\/#\/schema\/logo\/image\/\"},\"sameAs\":[\"https:\/\/www.linkedin.com\/company\/carigest-sa\/\"]}]}<\/script>\n<!-- \/ Yoast SEO plugin. -->","yoast_head_json":{"title":"Op\u00e9ra National de Paris - Carigest SA","robots":{"index":"index","follow":"follow","max-snippet":"max-snippet:-1","max-image-preview":"max-image-preview:large","max-video-preview":"max-video-preview:-1"},"canonical":"https:\/\/carigest.ch\/de\/portfolio-item\/opera-paris\/","og_locale":"de_DE","og_type":"article","og_title":"Op\u00e9ra National de Paris - Carigest SA","og_description":"Soutien au programme Op\u00e9rApprentis 2020-2023","og_url":"https:\/\/carigest.ch\/de\/portfolio-item\/opera-paris\/","og_site_name":"Carigest SA","article_modified_time":"2024-11-19T10:33:56+00:00","og_image":[{"width":2560,"height":1790,"url":"https:\/\/carigest.ch\/wp-content\/uploads\/2023\/04\/Opera-Garnier-scaled.jpg","type":"image\/jpeg"}],"twitter_card":"summary_large_image","schema":{"@context":"https:\/\/schema.org","@graph":[{"@type":"WebPage","@id":"https:\/\/carigest.ch\/de\/portfolio-item\/opera-paris\/","url":"https:\/\/carigest.ch\/de\/portfolio-item\/opera-paris\/","name":"Op\u00e9ra National de Paris - Carigest SA","isPartOf":{"@id":"https:\/\/carigest.ch\/de\/#website"},"primaryImageOfPage":{"@id":"https:\/\/carigest.ch\/de\/portfolio-item\/opera-paris\/#primaryimage"},"image":{"@id":"https:\/\/carigest.ch\/de\/portfolio-item\/opera-paris\/#primaryimage"},"thumbnailUrl":"https:\/\/carigest.ch\/wp-content\/uploads\/2023\/04\/Opera-Garnier-scaled.jpg","datePublished":"2023-03-06T11:58:49+00:00","dateModified":"2024-11-19T10:33:56+00:00","breadcrumb":{"@id":"https:\/\/carigest.ch\/de\/portfolio-item\/opera-paris\/#breadcrumb"},"inLanguage":"de","potentialAction":[{"@type":"ReadAction","target":["https:\/\/carigest.ch\/de\/portfolio-item\/opera-paris\/"]}]},{"@type":"ImageObject","inLanguage":"de","@id":"https:\/\/carigest.ch\/de\/portfolio-item\/opera-paris\/#primaryimage","url":"https:\/\/carigest.ch\/wp-content\/uploads\/2023\/04\/Opera-Garnier-scaled.jpg","contentUrl":"https:\/\/carigest.ch\/wp-content\/uploads\/2023\/04\/Opera-Garnier-scaled.jpg","width":2560,"height":1790,"caption":"Palais Garnier, Op\u00e9ra national de Paris, Place de l'Op\u00e9ra, Fa\u00e7ade Palais Garnier"},{"@type":"BreadcrumbList","@id":"https:\/\/carigest.ch\/de\/portfolio-item\/opera-paris\/#breadcrumb","itemListElement":[{"@type":"ListItem","position":1,"name":"Home","item":"https:\/\/carigest.ch\/de\/startseite\/"},{"@type":"ListItem","position":2,"name":"Qode Portfolio","item":"https:\/\/carigest.ch\/de\/portfolio-item\/"},{"@type":"ListItem","position":3,"name":"Op\u00e9ra National de Paris"}]},{"@type":"WebSite","@id":"https:\/\/carigest.ch\/de\/#website","url":"https:\/\/carigest.ch\/de\/","name":"Carigest SA","description":"Beratung, Verwaltung, Begleitung","publisher":{"@id":"https:\/\/carigest.ch\/de\/#organization"},"potentialAction":[{"@type":"SearchAction","target":{"@type":"EntryPoint","urlTemplate":"https:\/\/carigest.ch\/de\/?s={search_term_string}"},"query-input":{"@type":"PropertyValueSpecification","valueRequired":true,"valueName":"search_term_string"}}],"inLanguage":"de"},{"@type":"Organization","@id":"https:\/\/carigest.ch\/de\/#organization","name":"Carigest SA","url":"https:\/\/carigest.ch\/de\/","logo":{"@type":"ImageObject","inLanguage":"de","@id":"https:\/\/carigest.ch\/de\/#\/schema\/logo\/image\/","url":"","contentUrl":"","caption":"Carigest SA"},"image":{"@id":"https:\/\/carigest.ch\/de\/#\/schema\/logo\/image\/"},"sameAs":["https:\/\/www.linkedin.com\/company\/carigest-sa\/"]}]}},"_links":{"self":[{"href":"https:\/\/carigest.ch\/de\/wp-json\/wp\/v2\/portfolio-item\/10593","targetHints":{"allow":["GET"]}}],"collection":[{"href":"https:\/\/carigest.ch\/de\/wp-json\/wp\/v2\/portfolio-item"}],"about":[{"href":"https:\/\/carigest.ch\/de\/wp-json\/wp\/v2\/types\/portfolio-item"}],"author":[{"embeddable":true,"href":"https:\/\/carigest.ch\/de\/wp-json\/wp\/v2\/users\/10"}],"version-history":[{"count":9,"href":"https:\/\/carigest.ch\/de\/wp-json\/wp\/v2\/portfolio-item\/10593\/revisions"}],"predecessor-version":[{"id":13797,"href":"https:\/\/carigest.ch\/de\/wp-json\/wp\/v2\/portfolio-item\/10593\/revisions\/13797"}],"wp:featuredmedia":[{"embeddable":true,"href":"https:\/\/carigest.ch\/de\/wp-json\/wp\/v2\/media\/10498"}],"wp:attachment":[{"href":"https:\/\/carigest.ch\/de\/wp-json\/wp\/v2\/media?parent=10593"}],"wp:term":[{"taxonomy":"portfolio-category","embeddable":true,"href":"https:\/\/carigest.ch\/de\/wp-json\/wp\/v2\/portfolio-category?post=10593"},{"taxonomy":"portfolio-tag","embeddable":true,"href":"https:\/\/carigest.ch\/de\/wp-json\/wp\/v2\/portfolio-tag?post=10593"}],"curies":[{"name":"wp","href":"https:\/\/api.w.org\/{rel}","templated":true}]}}