{"id":10569,"date":"2023-03-06T13:07:18","date_gmt":"2023-03-06T12:07:18","guid":{"rendered":"https:\/\/bfqhbmyrq.preview.infomaniak.website\/portfolio-item\/fondation-du-grand-theatre-de-geneve\/"},"modified":"2024-11-15T13:24:37","modified_gmt":"2024-11-15T12:24:37","slug":"grand-theatre-gve","status":"publish","type":"portfolio-item","link":"https:\/\/carigest.ch\/de\/portfolio-item\/grand-theatre-gve\/","title":{"rendered":"Fondation du Grand Th\u00e9\u00e2tre de Gen\u00e8ve"},"content":{"rendered":"\t\t<div data-elementor-type=\"wp-post\" data-elementor-id=\"10569\" class=\"elementor elementor-10569 elementor-6608\" data-elementor-post-type=\"portfolio-item\">\n\t\t\t\t\t\t<section class=\"elementor-section elementor-top-section elementor-element elementor-element-1448cbb6 qodef-elementor-content-grid elementor-section-boxed elementor-section-height-default elementor-section-height-default\" data-id=\"1448cbb6\" data-element_type=\"section\" data-settings=\"{&quot;background_background&quot;:&quot;classic&quot;}\">\n\t\t\t\t\t\t<div class=\"elementor-container elementor-column-gap-default\">\n\t\t\t\t\t<div class=\"elementor-column elementor-col-100 elementor-top-column elementor-element elementor-element-44364cf9 qodef-sticky-column--no\" data-id=\"44364cf9\" data-element_type=\"column\">\n\t\t\t<div class=\"elementor-widget-wrap elementor-element-populated\">\n\t\t\t\t\t\t<div class=\"elementor-element elementor-element-3441fde3 elementor-widget elementor-widget-spacer\" data-id=\"3441fde3\" data-element_type=\"widget\" data-widget_type=\"spacer.default\">\n\t\t\t\t<div class=\"elementor-widget-container\">\n\t\t\t\t\t\t\t<div class=\"elementor-spacer\">\n\t\t\t<div class=\"elementor-spacer-inner\"><\/div>\n\t\t<\/div>\n\t\t\t\t\t\t<\/div>\n\t\t\t\t<\/div>\n\t\t\t\t\t<\/div>\n\t\t<\/div>\n\t\t\t\t\t<\/div>\n\t\t<\/section>\n\t\t\t\t<section class=\"elementor-section elementor-top-section elementor-element elementor-element-38fe8a62 elementor-section-boxed elementor-section-height-default elementor-section-height-default qodef-elementor-content-no\" data-id=\"38fe8a62\" data-element_type=\"section\">\n\t\t\t\t\t\t<div class=\"elementor-container elementor-column-gap-default\">\n\t\t\t\t\t<div class=\"elementor-column elementor-col-33 elementor-top-column elementor-element elementor-element-55d0a0c1 qodef-sticky-column--no\" data-id=\"55d0a0c1\" data-element_type=\"column\">\n\t\t\t<div class=\"elementor-widget-wrap elementor-element-populated\">\n\t\t\t\t\t\t<div class=\"elementor-element elementor-element-195db2a3 elementor-widget elementor-widget-qi_addons_for_elementor_section_title\" data-id=\"195db2a3\" data-element_type=\"widget\" data-widget_type=\"qi_addons_for_elementor_section_title.default\">\n\t\t\t\t<div class=\"elementor-widget-container\">\n\t\t\t\t\t<div class=\"qodef-shortcode qodef-m qodef-qi-section-title qodef-decoration--italic qodef-link--underline-draw qodef-subtitle-icon--left\">\n\t\t\t\t\t\t<h1 class=\"qodef-m-title\">\n\t\tGrand Th\u00e9\u00e2tre de Gen\u00e8ve\t<\/h1>\n\t\t\t<div class=\"qodef-m-text\"><p>Le Grand Th\u00e9\u00e2tre de Gen\u00e8ve est la plus grande sc\u00e8ne artistique de Suisse et abrite l\u2019op\u00e9ra et le ballet de Gen\u00e8ve.<\/p><\/div>\n\t<\/div>\n\t\t\t\t<\/div>\n\t\t\t\t<\/div>\n\t\t\t\t<div class=\"elementor-element elementor-element-684619c8 elementor-widget elementor-widget-qi_addons_for_elementor_section_title\" data-id=\"684619c8\" data-element_type=\"widget\" data-widget_type=\"qi_addons_for_elementor_section_title.default\">\n\t\t\t\t<div class=\"elementor-widget-container\">\n\t\t\t\t\t<div class=\"qodef-shortcode qodef-m qodef-qi-section-title qodef-decoration--italic qodef-link--underline-draw qodef-subtitle-icon--left\">\n\t\t\t\t\t\t<h2 class=\"qodef-m-title\">\n\t\tNature du projet\t<\/h2>\n\t\t\t<div class=\"qodef-m-text\"><p>Contribution afin de r\u00e9aliser quatre films qui seront int\u00e9gr\u00e9s \u00e0 la sc\u00e9nographie de l'Op\u00e9ra de Nabucco qui aura lieu en juin 2023.<\/p><\/div>\n\t<\/div>\n\t\t\t\t<\/div>\n\t\t\t\t<\/div>\n\t\t\t\t<div class=\"elementor-element elementor-element-5a9ee6fb elementor-widget elementor-widget-qi_addons_for_elementor_section_title\" data-id=\"5a9ee6fb\" data-element_type=\"widget\" data-widget_type=\"qi_addons_for_elementor_section_title.default\">\n\t\t\t\t<div class=\"elementor-widget-container\">\n\t\t\t\t\t<div class=\"qodef-shortcode qodef-m qodef-qi-section-title qodef-decoration--italic qodef-link--underline-draw qodef-subtitle-icon--left\">\n\t\t\t\t\t\t<h2 class=\"qodef-m-title\">\n\t\tDescription\t<\/h2>\n\t\t\t<div class=\"qodef-m-text\"><div class=\"ewa-rteLine\">La programmation 22-23 a pour th\u00e8me \"Mondes et migration\".<\/div><div>\u00a0<\/div><div class=\"ewa-rteLine\">L'id\u00e9e est de d\u00e9velopper la transversalit\u00e9 des arts et permettre l'\u00e9largissement des publics ainsi qu'inscrire l'op\u00e9ra dans la r\u00e9alit\u00e9 du monde actuel.<\/div><div>\u00a0<\/div><div>Op\u00e9rer une bascule entre monde virtuel et monde r\u00e9el, comme un \u00e9cho \u00e0 tous ceux qui r\u00e9sistent encore aujourd'hui aux quatre coins du monde, du Moyen-Orient \u00e0 l'Amazonie, en passant par l'Afrique du Sud et arrivant jusqu'\u00e0 nous. Raconter l'histoire, c'est aussi se poser la question de comment la changer, ainsi que notre monde actuel.<\/div><\/div>\n\t<\/div>\n\t\t\t\t<\/div>\n\t\t\t\t<\/div>\n\t\t\t\t<div class=\"elementor-element elementor-element-1b3a3c85 elementor-widget elementor-widget-qi_addons_for_elementor_section_title\" data-id=\"1b3a3c85\" data-element_type=\"widget\" data-widget_type=\"qi_addons_for_elementor_section_title.default\">\n\t\t\t\t<div class=\"elementor-widget-container\">\n\t\t\t\t\t<div class=\"qodef-shortcode qodef-m qodef-qi-section-title qodef-decoration--italic qodef-link--underline-draw qodef-subtitle-icon--left\">\n\t\t\t\t\t\t<h2 class=\"qodef-m-title\">\n\t\tSite Internet \t<\/h2>\n\t\t\t<div class=\"qodef-m-text\"><div class=\"website-img\"><a href=\"https:\/\/www.gtg.ch\/saison-22-23\/nabucco\/\" target=\"_blank\" rel=\"noopener\">https:\/\/www.gtg.ch\/nabucco<\/a><\/div><\/div>\n\t<\/div>\n\t\t\t\t<\/div>\n\t\t\t\t<\/div>\n\t\t\t\t<div class=\"elementor-element elementor-element-943bbac elementor-widget elementor-widget-qi_addons_for_elementor_image_gallery\" data-id=\"943bbac\" data-element_type=\"widget\" data-widget_type=\"qi_addons_for_elementor_image_gallery.default\">\n\t\t\t\t<div class=\"elementor-widget-container\">\n\t\t\t\t\t<div class=\"qodef-shortcode qodef-m qodef-qi-image-gallery qodef-qi-grid qodef-layout--qi-columns qodef-col-num--4 qodef-responsive--predefined\">\n\t<div class=\"qodef-grid-inner\">\n\t\t<div class=\"qodef-e qodef-image-wrapper qodef-grid-item\">\n\t<div class=\"qodef-e-inner\">\n\t\t\t\t\t<img fetchpriority=\"high\" decoding=\"async\" width=\"2632\" height=\"1408\" src=\"https:\/\/carigest.ch\/wp-content\/uploads\/2023\/04\/F_SDG_logo_without_UN_emblem_Square_WEB.png\" class=\"attachment-full size-full\" alt=\"\" srcset=\"https:\/\/carigest.ch\/wp-content\/uploads\/2023\/04\/F_SDG_logo_without_UN_emblem_Square_WEB.png 2632w, https:\/\/carigest.ch\/wp-content\/uploads\/2023\/04\/F_SDG_logo_without_UN_emblem_Square_WEB-300x160.png 300w, https:\/\/carigest.ch\/wp-content\/uploads\/2023\/04\/F_SDG_logo_without_UN_emblem_Square_WEB-1024x548.png 1024w, https:\/\/carigest.ch\/wp-content\/uploads\/2023\/04\/F_SDG_logo_without_UN_emblem_Square_WEB-768x411.png 768w, https:\/\/carigest.ch\/wp-content\/uploads\/2023\/04\/F_SDG_logo_without_UN_emblem_Square_WEB-1536x822.png 1536w, https:\/\/carigest.ch\/wp-content\/uploads\/2023\/04\/F_SDG_logo_without_UN_emblem_Square_WEB-2048x1096.png 2048w\" sizes=\"(max-width: 2632px) 100vw, 2632px\" \/>\t\t\t<\/div>\n<\/div>\n<div class=\"qodef-e qodef-image-wrapper qodef-grid-item\">\n\t<div class=\"qodef-e-inner\">\n\t\t\t\t\t<img decoding=\"async\" width=\"1500\" height=\"1500\" src=\"https:\/\/carigest.ch\/wp-content\/uploads\/2023\/04\/Education-de-qualite.png\" class=\"attachment-full size-full\" alt=\"\" srcset=\"https:\/\/carigest.ch\/wp-content\/uploads\/2023\/04\/Education-de-qualite.png 1500w, https:\/\/carigest.ch\/wp-content\/uploads\/2023\/04\/Education-de-qualite-300x300.png 300w, https:\/\/carigest.ch\/wp-content\/uploads\/2023\/04\/Education-de-qualite-1024x1024.png 1024w, https:\/\/carigest.ch\/wp-content\/uploads\/2023\/04\/Education-de-qualite-150x150.png 150w, https:\/\/carigest.ch\/wp-content\/uploads\/2023\/04\/Education-de-qualite-768x768.png 768w, https:\/\/carigest.ch\/wp-content\/uploads\/2023\/04\/Education-de-qualite-650x650.png 650w, https:\/\/carigest.ch\/wp-content\/uploads\/2023\/04\/Education-de-qualite-1300x1300.png 1300w\" sizes=\"(max-width: 1500px) 100vw, 1500px\" \/>\t\t\t<\/div>\n<\/div>\n<div class=\"qodef-e qodef-image-wrapper qodef-grid-item\">\n\t<div class=\"qodef-e-inner\">\n\t\t\t\t\t<img decoding=\"async\" width=\"1500\" height=\"1500\" src=\"https:\/\/carigest.ch\/wp-content\/uploads\/2023\/04\/Inegalites-reduites.png\" class=\"attachment-full size-full\" alt=\"\" srcset=\"https:\/\/carigest.ch\/wp-content\/uploads\/2023\/04\/Inegalites-reduites.png 1500w, https:\/\/carigest.ch\/wp-content\/uploads\/2023\/04\/Inegalites-reduites-300x300.png 300w, https:\/\/carigest.ch\/wp-content\/uploads\/2023\/04\/Inegalites-reduites-1024x1024.png 1024w, https:\/\/carigest.ch\/wp-content\/uploads\/2023\/04\/Inegalites-reduites-150x150.png 150w, https:\/\/carigest.ch\/wp-content\/uploads\/2023\/04\/Inegalites-reduites-768x768.png 768w, https:\/\/carigest.ch\/wp-content\/uploads\/2023\/04\/Inegalites-reduites-650x650.png 650w, https:\/\/carigest.ch\/wp-content\/uploads\/2023\/04\/Inegalites-reduites-1300x1300.png 1300w\" sizes=\"(max-width: 1500px) 100vw, 1500px\" \/>\t\t\t<\/div>\n<\/div>\n\t<\/div>\n<\/div>\n\t\t\t\t<\/div>\n\t\t\t\t<\/div>\n\t\t\t\t<div class=\"elementor-element elementor-element-acf1ca5 elementor-widget elementor-widget-qi_addons_for_elementor_section_title\" data-id=\"acf1ca5\" data-element_type=\"widget\" data-widget_type=\"qi_addons_for_elementor_section_title.default\">\n\t\t\t\t<div class=\"elementor-widget-container\">\n\t\t\t\t\t<div class=\"qodef-shortcode qodef-m qodef-qi-section-title qodef-decoration--italic qodef-link--underline-draw qodef-subtitle-icon--left\">\n\t\t\t\t\t\t\t\t<div class=\"qodef-m-text\"><p><strong>Les 17 objectifs de d\u00e9veloppement<\/strong> <strong>durable<\/strong> tels que <strong>d\u00e9finis par les Nations Unies<\/strong> nous donnent la marche \u00e0 suivre pour parvenir \u00e0 un avenir meilleur et plus durable pour tous. Ils r\u00e9pondent aux d\u00e9fis mondiaux auxquels nous sommes confront\u00e9s, notamment ceux li\u00e9s \u00e0 la pauvret\u00e9, aux in\u00e9galit\u00e9s, au climat, \u00e0 la d\u00e9gradation de l\u2019environnement, \u00e0 la prosp\u00e9rit\u00e9, \u00e0 la paix et \u00e0 la justice. Les objectifs sont interconnect\u00e9s et, pour ne laisser personne de c\u00f4t\u00e9, <strong>il est important d\u2019atteindre chacun d\u2019entre eux<\/strong>, et chacune de leurs cibles,<strong> d\u2019ici \u00e0 2030<\/strong>.<\/p><\/div>\n\t<\/div>\n\t\t\t\t<\/div>\n\t\t\t\t<\/div>\n\t\t\t\t\t<\/div>\n\t\t<\/div>\n\t\t\t\t<div class=\"elementor-column elementor-col-33 elementor-top-column elementor-element elementor-element-4f5c06e8 qodef-sticky-column--no\" data-id=\"4f5c06e8\" data-element_type=\"column\">\n\t\t\t<div class=\"elementor-widget-wrap elementor-element-populated\">\n\t\t\t\t\t\t<div class=\"elementor-element elementor-element-7a782da0 elementor-widget__width-auto elementor-widget-mobile__width-initial elementor-widget elementor-widget-image\" data-id=\"7a782da0\" data-element_type=\"widget\" data-widget_type=\"image.default\">\n\t\t\t\t<div class=\"elementor-widget-container\">\n\t\t\t\t\t\t\t\t\t\t\t\t\t\t\t<img loading=\"lazy\" decoding=\"async\" width=\"1440\" height=\"670\" src=\"https:\/\/carigest.ch\/wp-content\/uploads\/2023\/03\/Grand-Theatre-Nabucco-Verdi.jpg\" class=\"attachment-full size-full wp-image-7232\" alt=\"\" srcset=\"https:\/\/carigest.ch\/wp-content\/uploads\/2023\/03\/Grand-Theatre-Nabucco-Verdi.jpg 1440w, https:\/\/carigest.ch\/wp-content\/uploads\/2023\/03\/Grand-Theatre-Nabucco-Verdi-300x140.jpg 300w, https:\/\/carigest.ch\/wp-content\/uploads\/2023\/03\/Grand-Theatre-Nabucco-Verdi-1024x476.jpg 1024w, https:\/\/carigest.ch\/wp-content\/uploads\/2023\/03\/Grand-Theatre-Nabucco-Verdi-768x357.jpg 768w\" sizes=\"(max-width: 1440px) 100vw, 1440px\" \/>\t\t\t\t\t\t\t\t\t\t\t\t\t\t\t<\/div>\n\t\t\t\t<\/div>\n\t\t\t\t\t<\/div>\n\t\t<\/div>\n\t\t\t\t<div class=\"elementor-column elementor-col-33 elementor-top-column elementor-element elementor-element-4e8e5caf qodef-sticky-column--no\" data-id=\"4e8e5caf\" data-element_type=\"column\">\n\t\t\t<div class=\"elementor-widget-wrap elementor-element-populated\">\n\t\t\t\t\t\t<div class=\"elementor-element elementor-element-5876dfa4 elementor-widget__width-auto elementor-widget elementor-widget-image\" data-id=\"5876dfa4\" data-element_type=\"widget\" data-widget_type=\"image.default\">\n\t\t\t\t<div class=\"elementor-widget-container\">\n\t\t\t\t\t\t\t\t\t\t\t\t\t\t\t\t<a href=\"https:\/\/www.gtg.ch\/\" target=\"_blank\">\n\t\t\t\t\t\t\t<img loading=\"lazy\" decoding=\"async\" width=\"474\" height=\"305\" src=\"https:\/\/carigest.ch\/wp-content\/uploads\/2023\/03\/Grand-Theatre-GVE.jpg\" class=\"attachment-full size-full wp-image-8013\" alt=\"\" srcset=\"https:\/\/carigest.ch\/wp-content\/uploads\/2023\/03\/Grand-Theatre-GVE.jpg 474w, https:\/\/carigest.ch\/wp-content\/uploads\/2023\/03\/Grand-Theatre-GVE-300x193.jpg 300w\" sizes=\"(max-width: 474px) 100vw, 474px\" \/>\t\t\t\t\t\t\t\t<\/a>\n\t\t\t\t\t\t\t\t\t\t\t\t\t\t\t<\/div>\n\t\t\t\t<\/div>\n\t\t\t\t\t<\/div>\n\t\t<\/div>\n\t\t\t\t\t<\/div>\n\t\t<\/section>\n\t\t\t\t<section class=\"elementor-section elementor-top-section elementor-element elementor-element-60bd14cc elementor-section-boxed elementor-section-height-default elementor-section-height-default qodef-elementor-content-no\" data-id=\"60bd14cc\" data-element_type=\"section\" data-settings=\"{&quot;background_background&quot;:&quot;classic&quot;}\">\n\t\t\t\t\t\t<div class=\"elementor-container elementor-column-gap-default\">\n\t\t\t\t\t<div class=\"elementor-column elementor-col-100 elementor-top-column elementor-element elementor-element-5b5e92d7 qodef-sticky-column--no\" data-id=\"5b5e92d7\" data-element_type=\"column\">\n\t\t\t<div class=\"elementor-widget-wrap elementor-element-populated\">\n\t\t\t\t\t\t<div class=\"elementor-element elementor-element-1c772ef elementor-widget__width-auto elementor-widget elementor-widget-global elementor-global-10711 elementor-global-7830 elementor-widget-qi_addons_for_elementor_button\" data-id=\"1c772ef\" data-element_type=\"widget\" data-widget_type=\"qi_addons_for_elementor_button.default\">\n\t\t\t\t<div class=\"elementor-widget-container\">\n\t\t\t\t\t<a class=\"qodef-shortcode qodef-m qodef-qi-button qodef-html--link qodef-layout--textual qodef-icon--right qodef-hover--icon-move-horizontal-short qodef-text-underline qodef-underline--left\" href=\"\/demandes\/#submit-project\" target=\"_self\">\n\t<span class=\"qodef-m-text\">Reichen Sie Ihr Projekt ein<\/span>\n\t<\/a>\n\t\t\t\t<\/div>\n\t\t\t\t<\/div>\n\t\t\t\t\t<\/div>\n\t\t<\/div>\n\t\t\t\t\t<\/div>\n\t\t<\/section>\n\t\t\t\t<\/div>\n\t\t","protected":false},"excerpt":{"rendered":"<p>Contribution afin de r\u00e9aliser quatre films qui seront int\u00e9gr\u00e9s \u00e0 la sc\u00e9nographie de l&#8217;Op\u00e9ra de Nabucco qui aura lieu en juin 2023.<\/p>\n","protected":false},"author":10,"featured_media":10474,"menu_order":10,"template":"elementor_theme","portfolio-category":[47],"portfolio-tag":[],"class_list":["post-10569","portfolio-item","type-portfolio-item","status-publish","has-post-thumbnail","hentry","years-78","portfolio-category-zweck-3"],"yoast_head":"<!-- This site is optimized with the Yoast SEO plugin v24.6 - https:\/\/yoast.com\/wordpress\/plugins\/seo\/ -->\n<title>Fondation du Grand Th\u00e9\u00e2tre de Gen\u00e8ve - Carigest SA<\/title>\n<meta name=\"robots\" content=\"index, follow, max-snippet:-1, max-image-preview:large, max-video-preview:-1\" \/>\n<link rel=\"canonical\" href=\"https:\/\/carigest.ch\/de\/portfolio-item\/grand-theatre-gve\/\" \/>\n<meta property=\"og:locale\" content=\"de_DE\" \/>\n<meta property=\"og:type\" content=\"article\" \/>\n<meta property=\"og:title\" content=\"Fondation du Grand Th\u00e9\u00e2tre de Gen\u00e8ve - Carigest SA\" \/>\n<meta property=\"og:description\" content=\"Contribution afin de r\u00e9aliser quatre films qui seront int\u00e9gr\u00e9s \u00e0 la sc\u00e9nographie de l&#039;Op\u00e9ra de Nabucco qui aura lieu en juin 2023.\" \/>\n<meta property=\"og:url\" content=\"https:\/\/carigest.ch\/de\/portfolio-item\/grand-theatre-gve\/\" \/>\n<meta property=\"og:site_name\" content=\"Carigest SA\" \/>\n<meta property=\"article:modified_time\" content=\"2024-11-15T12:24:37+00:00\" \/>\n<meta property=\"og:image\" content=\"https:\/\/carigest.ch\/wp-content\/uploads\/2023\/03\/Grand-Theatre-GVE-2.jpg\" \/>\n\t<meta property=\"og:image:width\" content=\"1960\" \/>\n\t<meta property=\"og:image:height\" content=\"1308\" \/>\n\t<meta property=\"og:image:type\" content=\"image\/jpeg\" \/>\n<meta name=\"twitter:card\" content=\"summary_large_image\" \/>\n<script type=\"application\/ld+json\" class=\"yoast-schema-graph\">{\"@context\":\"https:\/\/schema.org\",\"@graph\":[{\"@type\":\"WebPage\",\"@id\":\"https:\/\/carigest.ch\/de\/portfolio-item\/grand-theatre-gve\/\",\"url\":\"https:\/\/carigest.ch\/de\/portfolio-item\/grand-theatre-gve\/\",\"name\":\"Fondation du Grand Th\u00e9\u00e2tre de Gen\u00e8ve - Carigest SA\",\"isPartOf\":{\"@id\":\"https:\/\/carigest.ch\/de\/#website\"},\"primaryImageOfPage\":{\"@id\":\"https:\/\/carigest.ch\/de\/portfolio-item\/grand-theatre-gve\/#primaryimage\"},\"image\":{\"@id\":\"https:\/\/carigest.ch\/de\/portfolio-item\/grand-theatre-gve\/#primaryimage\"},\"thumbnailUrl\":\"https:\/\/carigest.ch\/wp-content\/uploads\/2023\/03\/Grand-Theatre-GVE-2.jpg\",\"datePublished\":\"2023-03-06T12:07:18+00:00\",\"dateModified\":\"2024-11-15T12:24:37+00:00\",\"breadcrumb\":{\"@id\":\"https:\/\/carigest.ch\/de\/portfolio-item\/grand-theatre-gve\/#breadcrumb\"},\"inLanguage\":\"de\",\"potentialAction\":[{\"@type\":\"ReadAction\",\"target\":[\"https:\/\/carigest.ch\/de\/portfolio-item\/grand-theatre-gve\/\"]}]},{\"@type\":\"ImageObject\",\"inLanguage\":\"de\",\"@id\":\"https:\/\/carigest.ch\/de\/portfolio-item\/grand-theatre-gve\/#primaryimage\",\"url\":\"https:\/\/carigest.ch\/wp-content\/uploads\/2023\/03\/Grand-Theatre-GVE-2.jpg\",\"contentUrl\":\"https:\/\/carigest.ch\/wp-content\/uploads\/2023\/03\/Grand-Theatre-GVE-2.jpg\",\"width\":1960,\"height\":1308},{\"@type\":\"BreadcrumbList\",\"@id\":\"https:\/\/carigest.ch\/de\/portfolio-item\/grand-theatre-gve\/#breadcrumb\",\"itemListElement\":[{\"@type\":\"ListItem\",\"position\":1,\"name\":\"Home\",\"item\":\"https:\/\/carigest.ch\/de\/startseite\/\"},{\"@type\":\"ListItem\",\"position\":2,\"name\":\"Qode Portfolio\",\"item\":\"https:\/\/carigest.ch\/de\/portfolio-item\/\"},{\"@type\":\"ListItem\",\"position\":3,\"name\":\"Fondation du Grand Th\u00e9\u00e2tre de Gen\u00e8ve\"}]},{\"@type\":\"WebSite\",\"@id\":\"https:\/\/carigest.ch\/de\/#website\",\"url\":\"https:\/\/carigest.ch\/de\/\",\"name\":\"Carigest SA\",\"description\":\"Beratung, Verwaltung, Begleitung\",\"publisher\":{\"@id\":\"https:\/\/carigest.ch\/de\/#organization\"},\"potentialAction\":[{\"@type\":\"SearchAction\",\"target\":{\"@type\":\"EntryPoint\",\"urlTemplate\":\"https:\/\/carigest.ch\/de\/?s={search_term_string}\"},\"query-input\":{\"@type\":\"PropertyValueSpecification\",\"valueRequired\":true,\"valueName\":\"search_term_string\"}}],\"inLanguage\":\"de\"},{\"@type\":\"Organization\",\"@id\":\"https:\/\/carigest.ch\/de\/#organization\",\"name\":\"Carigest SA\",\"url\":\"https:\/\/carigest.ch\/de\/\",\"logo\":{\"@type\":\"ImageObject\",\"inLanguage\":\"de\",\"@id\":\"https:\/\/carigest.ch\/de\/#\/schema\/logo\/image\/\",\"url\":\"\",\"contentUrl\":\"\",\"caption\":\"Carigest SA\"},\"image\":{\"@id\":\"https:\/\/carigest.ch\/de\/#\/schema\/logo\/image\/\"},\"sameAs\":[\"https:\/\/www.linkedin.com\/company\/carigest-sa\/\"]}]}<\/script>\n<!-- \/ Yoast SEO plugin. -->","yoast_head_json":{"title":"Fondation du Grand Th\u00e9\u00e2tre de Gen\u00e8ve - Carigest SA","robots":{"index":"index","follow":"follow","max-snippet":"max-snippet:-1","max-image-preview":"max-image-preview:large","max-video-preview":"max-video-preview:-1"},"canonical":"https:\/\/carigest.ch\/de\/portfolio-item\/grand-theatre-gve\/","og_locale":"de_DE","og_type":"article","og_title":"Fondation du Grand Th\u00e9\u00e2tre de Gen\u00e8ve - Carigest SA","og_description":"Contribution afin de r\u00e9aliser quatre films qui seront int\u00e9gr\u00e9s \u00e0 la sc\u00e9nographie de l'Op\u00e9ra de Nabucco qui aura lieu en juin 2023.","og_url":"https:\/\/carigest.ch\/de\/portfolio-item\/grand-theatre-gve\/","og_site_name":"Carigest SA","article_modified_time":"2024-11-15T12:24:37+00:00","og_image":[{"width":1960,"height":1308,"url":"https:\/\/carigest.ch\/wp-content\/uploads\/2023\/03\/Grand-Theatre-GVE-2.jpg","type":"image\/jpeg"}],"twitter_card":"summary_large_image","schema":{"@context":"https:\/\/schema.org","@graph":[{"@type":"WebPage","@id":"https:\/\/carigest.ch\/de\/portfolio-item\/grand-theatre-gve\/","url":"https:\/\/carigest.ch\/de\/portfolio-item\/grand-theatre-gve\/","name":"Fondation du Grand Th\u00e9\u00e2tre de Gen\u00e8ve - Carigest SA","isPartOf":{"@id":"https:\/\/carigest.ch\/de\/#website"},"primaryImageOfPage":{"@id":"https:\/\/carigest.ch\/de\/portfolio-item\/grand-theatre-gve\/#primaryimage"},"image":{"@id":"https:\/\/carigest.ch\/de\/portfolio-item\/grand-theatre-gve\/#primaryimage"},"thumbnailUrl":"https:\/\/carigest.ch\/wp-content\/uploads\/2023\/03\/Grand-Theatre-GVE-2.jpg","datePublished":"2023-03-06T12:07:18+00:00","dateModified":"2024-11-15T12:24:37+00:00","breadcrumb":{"@id":"https:\/\/carigest.ch\/de\/portfolio-item\/grand-theatre-gve\/#breadcrumb"},"inLanguage":"de","potentialAction":[{"@type":"ReadAction","target":["https:\/\/carigest.ch\/de\/portfolio-item\/grand-theatre-gve\/"]}]},{"@type":"ImageObject","inLanguage":"de","@id":"https:\/\/carigest.ch\/de\/portfolio-item\/grand-theatre-gve\/#primaryimage","url":"https:\/\/carigest.ch\/wp-content\/uploads\/2023\/03\/Grand-Theatre-GVE-2.jpg","contentUrl":"https:\/\/carigest.ch\/wp-content\/uploads\/2023\/03\/Grand-Theatre-GVE-2.jpg","width":1960,"height":1308},{"@type":"BreadcrumbList","@id":"https:\/\/carigest.ch\/de\/portfolio-item\/grand-theatre-gve\/#breadcrumb","itemListElement":[{"@type":"ListItem","position":1,"name":"Home","item":"https:\/\/carigest.ch\/de\/startseite\/"},{"@type":"ListItem","position":2,"name":"Qode Portfolio","item":"https:\/\/carigest.ch\/de\/portfolio-item\/"},{"@type":"ListItem","position":3,"name":"Fondation du Grand Th\u00e9\u00e2tre de Gen\u00e8ve"}]},{"@type":"WebSite","@id":"https:\/\/carigest.ch\/de\/#website","url":"https:\/\/carigest.ch\/de\/","name":"Carigest SA","description":"Beratung, Verwaltung, Begleitung","publisher":{"@id":"https:\/\/carigest.ch\/de\/#organization"},"potentialAction":[{"@type":"SearchAction","target":{"@type":"EntryPoint","urlTemplate":"https:\/\/carigest.ch\/de\/?s={search_term_string}"},"query-input":{"@type":"PropertyValueSpecification","valueRequired":true,"valueName":"search_term_string"}}],"inLanguage":"de"},{"@type":"Organization","@id":"https:\/\/carigest.ch\/de\/#organization","name":"Carigest SA","url":"https:\/\/carigest.ch\/de\/","logo":{"@type":"ImageObject","inLanguage":"de","@id":"https:\/\/carigest.ch\/de\/#\/schema\/logo\/image\/","url":"","contentUrl":"","caption":"Carigest SA"},"image":{"@id":"https:\/\/carigest.ch\/de\/#\/schema\/logo\/image\/"},"sameAs":["https:\/\/www.linkedin.com\/company\/carigest-sa\/"]}]}},"_links":{"self":[{"href":"https:\/\/carigest.ch\/de\/wp-json\/wp\/v2\/portfolio-item\/10569","targetHints":{"allow":["GET"]}}],"collection":[{"href":"https:\/\/carigest.ch\/de\/wp-json\/wp\/v2\/portfolio-item"}],"about":[{"href":"https:\/\/carigest.ch\/de\/wp-json\/wp\/v2\/types\/portfolio-item"}],"author":[{"embeddable":true,"href":"https:\/\/carigest.ch\/de\/wp-json\/wp\/v2\/users\/10"}],"version-history":[{"count":9,"href":"https:\/\/carigest.ch\/de\/wp-json\/wp\/v2\/portfolio-item\/10569\/revisions"}],"predecessor-version":[{"id":12921,"href":"https:\/\/carigest.ch\/de\/wp-json\/wp\/v2\/portfolio-item\/10569\/revisions\/12921"}],"wp:featuredmedia":[{"embeddable":true,"href":"https:\/\/carigest.ch\/de\/wp-json\/wp\/v2\/media\/10474"}],"wp:attachment":[{"href":"https:\/\/carigest.ch\/de\/wp-json\/wp\/v2\/media?parent=10569"}],"wp:term":[{"taxonomy":"portfolio-category","embeddable":true,"href":"https:\/\/carigest.ch\/de\/wp-json\/wp\/v2\/portfolio-category?post=10569"},{"taxonomy":"portfolio-tag","embeddable":true,"href":"https:\/\/carigest.ch\/de\/wp-json\/wp\/v2\/portfolio-tag?post=10569"}],"curies":[{"name":"wp","href":"https:\/\/api.w.org\/{rel}","templated":true}]}}